{"id":21151,"date":"2021-09-28T14:26:11","date_gmt":"2021-09-28T12:26:11","guid":{"rendered":"https:\/\/librosdelzorrorojo.com\/catalogo\/el-patito-feo\/"},"modified":"2024-03-01T09:20:40","modified_gmt":"2024-03-01T08:20:40","slug":"el-patito-feo","status":"publish","type":"product","link":"https:\/\/librosdelzorrorojo.com\/ca\/cataleg\/el-patito-feo\/","title":{"rendered":"El patito feo"},"content":{"rendered":"<p class=\"p1\"><span class=\"s1\">La historia de Andersen sobre el patito feo, que soporta el tormento y la soledad antes de convertirse en un hermoso cisne, ha resonado en millones de hogares de todo el mundo desde que se public\u00f3 por primera vez en 1843. En esta hermosa nueva edici\u00f3n \u2014con la traducci\u00f3n del texto original en dan\u00e9s\u2014, Marina Abramovi<\/span><span class=\"s2\">\u0107<\/span><span class=\"s1\"> reimagina el cuento cl\u00e1sico agregando ilustraciones a l\u00e1piz que representan, con la expresividad y la fuerza que la caracterizan, todos los elementos ya m\u00edticos presentes en el relato original. <\/span><\/p>\n<p class=\"p1\"><span class=\"s1\">Hay quienes consideran <i>El patito feo<\/i> un relato psicol\u00f3gico y espiritual, un cuento que contiene verdades fundamentales que todo ser humano debe asimilar. Esta edici\u00f3n es un libro puente entre generaciones, una historia inspiradora para ni\u00f1os pero tambi\u00e9n para adultos, gracias a los dibujos de la artista serbia, galardonada con el Premio Princesa de Asturias de las Artes, que recoger\u00e1 en Oviedo este 22 de octubre.<\/span><\/p>\n<p class=\"p1\"><span class=\"s1\">Los trazos de Abramovi<\/span><span class=\"s2\">\u0107<\/span><span class=\"s1\">, en apariencia simples y espont\u00e1neos, construyen un universo parecido al de un sue\u00f1o infantil, en el que conviven el drama y la ternura. En este ejercicio de regreso a la ni\u00f1ez, la reina mundial de la <i>performance <\/i>abandona su terreno habitual y nos ofrece un libro ilustrado \u00fanico. \u00abHa roto muchos l\u00edmites, llevando al arte nuevas perspectivas y d\u00e1ndole una nueva vida\u00bb, dice sobre ella Jimena Bl\u00e1zquez, directora de la Fundaci\u00f3n NMAC.<\/span><\/p>\n<p class=\"p1\"><span class=\"s1\">Para Abramovi<\/span><span class=\"s2\">\u0107<\/span><span class=\"s1\"> la historia de <i>El patito feo<\/i> resuena a lo largo de su trayectoria: \u00abCuando descubr\u00ed que pod\u00eda expresarme por medio del arte de la<i> performance<\/i>, todo cambi\u00f3. Conoc\u00ed la belleza y la verdad a trav\u00e9s de esta disciplina, aunque tuvo que pasar un tiempo para que el p\u00fablico lo entendiera. A diferencia del cisne del cuento, encontr\u00e9 mi identidad y mi fuerza antes de que los dem\u00e1s tambi\u00e9n fueran conscientes de ellas\u00bb. Lo mismo sucede con Andersen, quien un d\u00eda confesar\u00eda que no necesitaba escribir una autobiograf\u00eda; ya lo hab\u00eda hecho con <i>El patito feo.<\/i> \u00abUn reflejo de mi propia vida\u00bb, as\u00ed defin\u00eda el escritor dan\u00e9s este relato que se ha convertido en uno de los cuentos m\u00e1s emblem\u00e1ticos de todos los tiempos.<\/span><\/p>\n<p><img decoding=\"async\" src=\"https:\/\/librosdelzorrorojo.com\/wp-content\/uploads\/2017\/09\/logo-generalitat2.jpg\" alt=\"\" width=\"200\" height=\"67\" class=\"alignnone size-full wp-image-11151\" \/><\/p>\n","protected":false},"excerpt":{"rendered":"La historia de Andersen sobre el patito feo, que soporta el tormento y la soledad antes de convertirse en un hermoso cisne, ha resonado en millones de hogares de todo el mundo desde que se public\u00f3 por primera vez en 1843. En esta hermosa nueva edici\u00f3n \u2014con la traducci\u00f3n del texto original en dan\u00e9s\u2014, Marina [&hellip;]","protected":false},"featured_media":21133,"template":"","meta":{"_acf_changed":false},"product_brand":[],"product_cat":[844,843,839],"product_tag":[],"class_list":{"0":"post-21151","1":"product","2":"type-product","3":"status-publish","4":"has-post-thumbnail","6":"product_cat-castella","7":"product_cat-infantiles-ca","8":"product_cat-zona-kids-ca","10":"first","11":"instock","12":"taxable","13":"shipping-taxable","14":"purchasable","15":"product-type-simple"},"acf":[],"yoast_head":"<!-- This site is optimized with the Yoast SEO plugin v25.1 - https:\/\/yoast.com\/wordpress\/plugins\/seo\/ -->\n<title>El patito feo - Libros del Zorro Rojo<\/title>\n<meta name=\"robots\" content=\"index, follow, max-snippet:-1, max-image-preview:large, max-video-preview:-1\" \/>\n<link rel=\"canonical\" href=\"https:\/\/librosdelzorrorojo.com\/ca\/cataleg\/el-patito-feo\/\" \/>\n<meta property=\"og:locale\" content=\"ca_ES\" \/>\n<meta property=\"og:type\" content=\"article\" \/>\n<meta property=\"og:title\" content=\"El patito feo - Libros del Zorro Rojo\" \/>\n<meta property=\"og:description\" content=\"La historia de Andersen sobre el patito feo, que soporta el tormento y la soledad antes de convertirse en un hermoso cisne, ha resonado en millones de hogares de todo el mundo desde que se public\u00f3 por primera vez en 1843. En esta hermosa nueva edici\u00f3n \u2014con la traducci\u00f3n del texto original en dan\u00e9s\u2014, Marina [&hellip;]\" \/>\n<meta property=\"og:url\" content=\"https:\/\/librosdelzorrorojo.com\/ca\/cataleg\/el-patito-feo\/\" \/>\n<meta property=\"og:site_name\" content=\"Libros del Zorro Rojo\" \/>\n<meta property=\"article:modified_time\" content=\"2024-03-01T08:20:40+00:00\" \/>\n<meta property=\"og:image\" content=\"https:\/\/librosdelzorrorojo.com\/wp-content\/uploads\/2021\/09\/COVER_El-patito-feo-Yellow_WEB.jpg\" \/>\n\t<meta property=\"og:image:width\" content=\"849\" \/>\n\t<meta property=\"og:image:height\" content=\"1170\" \/>\n\t<meta property=\"og:image:type\" content=\"image\/jpeg\" \/>\n<meta name=\"twitter:card\" content=\"summary_large_image\" \/>\n<meta name=\"twitter:label1\" content=\"Temps estimat de lectura\" \/>\n\t<meta name=\"twitter:data1\" content=\"2 minuts\" \/>\n<script type=\"application\/ld+json\" class=\"yoast-schema-graph\">{\"@context\":\"https:\/\/schema.org\",\"@graph\":[{\"@type\":\"WebPage\",\"@id\":\"https:\/\/librosdelzorrorojo.com\/ca\/cataleg\/el-patito-feo\/\",\"url\":\"https:\/\/librosdelzorrorojo.com\/ca\/cataleg\/el-patito-feo\/\",\"name\":\"El patito feo - Libros del Zorro Rojo\",\"isPartOf\":{\"@id\":\"https:\/\/librosdelzorrorojo.com\/#website\"},\"primaryImageOfPage\":{\"@id\":\"https:\/\/librosdelzorrorojo.com\/ca\/cataleg\/el-patito-feo\/#primaryimage\"},\"image\":{\"@id\":\"https:\/\/librosdelzorrorojo.com\/ca\/cataleg\/el-patito-feo\/#primaryimage\"},\"thumbnailUrl\":\"https:\/\/librosdelzorrorojo.com\/wp-content\/uploads\/2021\/09\/COVER_El-patito-feo-Yellow_WEB.jpg\",\"datePublished\":\"2021-09-28T12:26:11+00:00\",\"dateModified\":\"2024-03-01T08:20:40+00:00\",\"breadcrumb\":{\"@id\":\"https:\/\/librosdelzorrorojo.com\/ca\/cataleg\/el-patito-feo\/#breadcrumb\"},\"inLanguage\":\"ca\",\"potentialAction\":[{\"@type\":\"ReadAction\",\"target\":[\"https:\/\/librosdelzorrorojo.com\/ca\/cataleg\/el-patito-feo\/\"]}]},{\"@type\":\"ImageObject\",\"inLanguage\":\"ca\",\"@id\":\"https:\/\/librosdelzorrorojo.com\/ca\/cataleg\/el-patito-feo\/#primaryimage\",\"url\":\"https:\/\/librosdelzorrorojo.com\/wp-content\/uploads\/2021\/09\/COVER_El-patito-feo-Yellow_WEB.jpg\",\"contentUrl\":\"https:\/\/librosdelzorrorojo.com\/wp-content\/uploads\/2021\/09\/COVER_El-patito-feo-Yellow_WEB.jpg\",\"width\":849,\"height\":1170,\"caption\":\"COVER El patito feo Yellow WEB\"},{\"@type\":\"BreadcrumbList\",\"@id\":\"https:\/\/librosdelzorrorojo.com\/ca\/cataleg\/el-patito-feo\/#breadcrumb\",\"itemListElement\":[{\"@type\":\"ListItem\",\"position\":1,\"name\":\"Portada\",\"item\":\"https:\/\/librosdelzorrorojo.com\/ca\/\"},{\"@type\":\"ListItem\",\"position\":2,\"name\":\"Cat\u00e0leg\",\"item\":\"https:\/\/librosdelzorrorojo.com\/ca\/cataleg\/\"},{\"@type\":\"ListItem\",\"position\":3,\"name\":\"El patito feo\"}]},{\"@type\":\"WebSite\",\"@id\":\"https:\/\/librosdelzorrorojo.com\/#website\",\"url\":\"https:\/\/librosdelzorrorojo.com\/\",\"name\":\"Libros del Zorro Rojo\",\"description\":\"Libros ilustrados\",\"potentialAction\":[{\"@type\":\"SearchAction\",\"target\":{\"@type\":\"EntryPoint\",\"urlTemplate\":\"https:\/\/librosdelzorrorojo.com\/?s={search_term_string}\"},\"query-input\":{\"@type\":\"PropertyValueSpecification\",\"valueRequired\":true,\"valueName\":\"search_term_string\"}}],\"inLanguage\":\"ca\"}]}<\/script>\n<!-- \/ Yoast SEO plugin. -->","yoast_head_json":{"title":"El patito feo - Libros del Zorro Rojo","robots":{"index":"index","follow":"follow","max-snippet":"max-snippet:-1","max-image-preview":"max-image-preview:large","max-video-preview":"max-video-preview:-1"},"canonical":"https:\/\/librosdelzorrorojo.com\/ca\/cataleg\/el-patito-feo\/","og_locale":"ca_ES","og_type":"article","og_title":"El patito feo - Libros del Zorro Rojo","og_description":"La historia de Andersen sobre el patito feo, que soporta el tormento y la soledad antes de convertirse en un hermoso cisne, ha resonado en millones de hogares de todo el mundo desde que se public\u00f3 por primera vez en 1843. En esta hermosa nueva edici\u00f3n \u2014con la traducci\u00f3n del texto original en dan\u00e9s\u2014, Marina [&hellip;]","og_url":"https:\/\/librosdelzorrorojo.com\/ca\/cataleg\/el-patito-feo\/","og_site_name":"Libros del Zorro Rojo","article_modified_time":"2024-03-01T08:20:40+00:00","og_image":[{"width":849,"height":1170,"url":"https:\/\/librosdelzorrorojo.com\/wp-content\/uploads\/2021\/09\/COVER_El-patito-feo-Yellow_WEB.jpg","type":"image\/jpeg"}],"twitter_card":"summary_large_image","twitter_misc":{"Temps estimat de lectura":"2 minuts"},"schema":{"@context":"https:\/\/schema.org","@graph":[{"@type":"WebPage","@id":"https:\/\/librosdelzorrorojo.com\/ca\/cataleg\/el-patito-feo\/","url":"https:\/\/librosdelzorrorojo.com\/ca\/cataleg\/el-patito-feo\/","name":"El patito feo - Libros del Zorro Rojo","isPartOf":{"@id":"https:\/\/librosdelzorrorojo.com\/#website"},"primaryImageOfPage":{"@id":"https:\/\/librosdelzorrorojo.com\/ca\/cataleg\/el-patito-feo\/#primaryimage"},"image":{"@id":"https:\/\/librosdelzorrorojo.com\/ca\/cataleg\/el-patito-feo\/#primaryimage"},"thumbnailUrl":"https:\/\/librosdelzorrorojo.com\/wp-content\/uploads\/2021\/09\/COVER_El-patito-feo-Yellow_WEB.jpg","datePublished":"2021-09-28T12:26:11+00:00","dateModified":"2024-03-01T08:20:40+00:00","breadcrumb":{"@id":"https:\/\/librosdelzorrorojo.com\/ca\/cataleg\/el-patito-feo\/#breadcrumb"},"inLanguage":"ca","potentialAction":[{"@type":"ReadAction","target":["https:\/\/librosdelzorrorojo.com\/ca\/cataleg\/el-patito-feo\/"]}]},{"@type":"ImageObject","inLanguage":"ca","@id":"https:\/\/librosdelzorrorojo.com\/ca\/cataleg\/el-patito-feo\/#primaryimage","url":"https:\/\/librosdelzorrorojo.com\/wp-content\/uploads\/2021\/09\/COVER_El-patito-feo-Yellow_WEB.jpg","contentUrl":"https:\/\/librosdelzorrorojo.com\/wp-content\/uploads\/2021\/09\/COVER_El-patito-feo-Yellow_WEB.jpg","width":849,"height":1170,"caption":"COVER El patito feo Yellow WEB"},{"@type":"BreadcrumbList","@id":"https:\/\/librosdelzorrorojo.com\/ca\/cataleg\/el-patito-feo\/#breadcrumb","itemListElement":[{"@type":"ListItem","position":1,"name":"Portada","item":"https:\/\/librosdelzorrorojo.com\/ca\/"},{"@type":"ListItem","position":2,"name":"Cat\u00e0leg","item":"https:\/\/librosdelzorrorojo.com\/ca\/cataleg\/"},{"@type":"ListItem","position":3,"name":"El patito feo"}]},{"@type":"WebSite","@id":"https:\/\/librosdelzorrorojo.com\/#website","url":"https:\/\/librosdelzorrorojo.com\/","name":"Libros del Zorro Rojo","description":"Libros ilustrados","potentialAction":[{"@type":"SearchAction","target":{"@type":"EntryPoint","urlTemplate":"https:\/\/librosdelzorrorojo.com\/?s={search_term_string}"},"query-input":{"@type":"PropertyValueSpecification","valueRequired":true,"valueName":"search_term_string"}}],"inLanguage":"ca"}]}},"_links":{"self":[{"href":"https:\/\/librosdelzorrorojo.com\/ca\/wp-json\/wp\/v2\/product\/21151","targetHints":{"allow":["GET"]}}],"collection":[{"href":"https:\/\/librosdelzorrorojo.com\/ca\/wp-json\/wp\/v2\/product"}],"about":[{"href":"https:\/\/librosdelzorrorojo.com\/ca\/wp-json\/wp\/v2\/types\/product"}],"wp:featuredmedia":[{"embeddable":true,"href":"https:\/\/librosdelzorrorojo.com\/ca\/wp-json\/wp\/v2\/media\/21133"}],"wp:attachment":[{"href":"https:\/\/librosdelzorrorojo.com\/ca\/wp-json\/wp\/v2\/media?parent=21151"}],"wp:term":[{"taxonomy":"product_brand","embeddable":true,"href":"https:\/\/librosdelzorrorojo.com\/ca\/wp-json\/wp\/v2\/product_brand?post=21151"},{"taxonomy":"product_cat","embeddable":true,"href":"https:\/\/librosdelzorrorojo.com\/ca\/wp-json\/wp\/v2\/product_cat?post=21151"},{"taxonomy":"product_tag","embeddable":true,"href":"https:\/\/librosdelzorrorojo.com\/ca\/wp-json\/wp\/v2\/product_tag?post=21151"}],"curies":[{"name":"wp","href":"https:\/\/api.w.org\/{rel}","templated":true}]}}