{"id":19000,"date":"2021-02-24T00:01:44","date_gmt":"2021-02-23T23:01:44","guid":{"rendered":"https:\/\/librosdelzorrorojo.com\/?post_type=product&#038;p=19000"},"modified":"2026-04-16T08:35:15","modified_gmt":"2026-04-16T06:35:15","slug":"la-linea-roja","status":"publish","type":"product","link":"https:\/\/librosdelzorrorojo.com\/ca\/cataleg\/la-linea-roja\/","title":{"rendered":"La l\u00ednea roja"},"content":{"rendered":"<p>El que es considerado como uno de los grandes maestros del humor gr\u00e1fico en Espa\u00f1a vuelve a la carga con el sarcasmo incisivo de siempre. A trav\u00e9s de sesenta vi\u00f1etas, El Roto deja se\u00f1alizadas esas \u00abl\u00edneas rojas\u00bb que la humanidad nunca debi\u00f3 traspasar, y critica su inacci\u00f3n ante a las devastadoras consecuencias de sus actos y carencias.<\/p>\n<p><em>La l\u00ednea roja<\/em> evidencia el estado \u00absemihipn\u00f3tico\u00bb de una sociedad que se encandila con las luces fatuas de la tecnolog\u00eda, mientras destruye, impasible, el h\u00e1bitat com\u00fan.\u00a0El multipremiado artista reflexiona cr\u00edticamente sobre la fragilidad del entorno social y de una \u00abcultura que hace tiempo perdi\u00f3 las referencias y los contenidos \u00e9ticos que le permit\u00edan definirse como tal\u00bb.<\/p>\n<p>Esta edici\u00f3n acompa\u00f1a la muestra retrospectiva de la obra de El Roto que tendr\u00e1 lugar en la galer\u00eda Caja Negra (Madrid) desde el 13 de marzo hasta el 14 de mayo, con acceso libre y gratuito.<\/p>\n<p><img decoding=\"async\" src=\"https:\/\/librosdelzorrorojo.com\/wp-content\/uploads\/2018\/04\/ICEC_BN-WEB-02.png\" alt=\"\" width=\"200\" height=\"48\" class=\"alignnone size-full wp-image-15980\" \/><\/p>\n","protected":false},"excerpt":{"rendered":"El Roto vuelve a la carga con el humor incisivo y la \u00e1cida cr\u00edtica social ya cl\u00e1sicos en su arte. En estas sesenta vi\u00f1etas deja en evidencia esas \u00abl\u00edneas rojas\u00bb que la humanidad nunca debi\u00f3 traspasar.","protected":false},"featured_media":18989,"template":"","meta":{"_acf_changed":false},"product_brand":[],"product_cat":[844,3156,846],"product_tag":[],"class_list":{"0":"post-19000","1":"product","2":"type-product","3":"status-publish","4":"has-post-thumbnail","6":"product_cat-castella","7":"product_cat-juvenil-adult","8":"product_cat-novedades-ca","10":"first","11":"instock","12":"taxable","13":"shipping-taxable","14":"purchasable","15":"product-type-simple"},"acf":[],"yoast_head":"<!-- This site is optimized with the Yoast SEO plugin v25.1 - https:\/\/yoast.com\/wordpress\/plugins\/seo\/ -->\n<title>La l\u00ednea roja - Libros del Zorro Rojo<\/title>\n<meta name=\"description\" content=\"el roto; l\u00ednea roja, arte, cr\u00edtica social, autocr\u00edtica, el bosco, preguntas, sociedad, humanidad, l\u00edmites\" \/>\n<meta name=\"robots\" content=\"index, follow, max-snippet:-1, max-image-preview:large, max-video-preview:-1\" \/>\n<link rel=\"canonical\" href=\"https:\/\/librosdelzorrorojo.com\/ca\/cataleg\/la-linea-roja\/\" \/>\n<meta property=\"og:locale\" content=\"ca_ES\" \/>\n<meta property=\"og:type\" content=\"article\" \/>\n<meta property=\"og:title\" content=\"La l\u00ednea roja - Libros del Zorro Rojo\" \/>\n<meta property=\"og:description\" content=\"el roto; l\u00ednea roja, arte, cr\u00edtica social, autocr\u00edtica, el bosco, preguntas, sociedad, humanidad, l\u00edmites\" \/>\n<meta property=\"og:url\" content=\"https:\/\/librosdelzorrorojo.com\/ca\/cataleg\/la-linea-roja\/\" \/>\n<meta property=\"og:site_name\" content=\"Libros del Zorro Rojo\" \/>\n<meta property=\"article:modified_time\" content=\"2026-04-16T06:35:15+00:00\" \/>\n<meta property=\"og:image\" content=\"https:\/\/librosdelzorrorojo.com\/wp-content\/uploads\/2021\/02\/La-li\u0301nea-roja_1200x1200_11.jpg\" \/>\n\t<meta property=\"og:image:width\" content=\"1200\" \/>\n\t<meta property=\"og:image:height\" content=\"1200\" \/>\n\t<meta property=\"og:image:type\" content=\"image\/jpeg\" \/>\n<meta name=\"twitter:card\" content=\"summary_large_image\" \/>\n<meta name=\"twitter:image\" content=\"https:\/\/librosdelzorrorojo.com\/wp-content\/uploads\/2021\/02\/La-li\u0301nea-roja_1200x1200_01.jpg\" \/>\n<meta name=\"twitter:label1\" content=\"Temps estimat de lectura\" \/>\n\t<meta name=\"twitter:data1\" content=\"1 minut\" \/>\n<script type=\"application\/ld+json\" class=\"yoast-schema-graph\">{\"@context\":\"https:\/\/schema.org\",\"@graph\":[{\"@type\":\"WebPage\",\"@id\":\"https:\/\/librosdelzorrorojo.com\/ca\/cataleg\/la-linea-roja\/\",\"url\":\"https:\/\/librosdelzorrorojo.com\/ca\/cataleg\/la-linea-roja\/\",\"name\":\"La l\u00ednea roja - Libros del Zorro Rojo\",\"isPartOf\":{\"@id\":\"https:\/\/librosdelzorrorojo.com\/#website\"},\"primaryImageOfPage\":{\"@id\":\"https:\/\/librosdelzorrorojo.com\/ca\/cataleg\/la-linea-roja\/#primaryimage\"},\"image\":{\"@id\":\"https:\/\/librosdelzorrorojo.com\/ca\/cataleg\/la-linea-roja\/#primaryimage\"},\"thumbnailUrl\":\"https:\/\/librosdelzorrorojo.com\/wp-content\/uploads\/2021\/02\/COVER_La-linea-roja_WEB.jpg\",\"datePublished\":\"2021-02-23T23:01:44+00:00\",\"dateModified\":\"2026-04-16T06:35:15+00:00\",\"description\":\"el roto; l\u00ednea roja, arte, cr\u00edtica social, autocr\u00edtica, el bosco, preguntas, sociedad, humanidad, l\u00edmites\",\"breadcrumb\":{\"@id\":\"https:\/\/librosdelzorrorojo.com\/ca\/cataleg\/la-linea-roja\/#breadcrumb\"},\"inLanguage\":\"ca\",\"potentialAction\":[{\"@type\":\"ReadAction\",\"target\":[\"https:\/\/librosdelzorrorojo.com\/ca\/cataleg\/la-linea-roja\/\"]}]},{\"@type\":\"ImageObject\",\"inLanguage\":\"ca\",\"@id\":\"https:\/\/librosdelzorrorojo.com\/ca\/cataleg\/la-linea-roja\/#primaryimage\",\"url\":\"https:\/\/librosdelzorrorojo.com\/wp-content\/uploads\/2021\/02\/COVER_La-linea-roja_WEB.jpg\",\"contentUrl\":\"https:\/\/librosdelzorrorojo.com\/wp-content\/uploads\/2021\/02\/COVER_La-linea-roja_WEB.jpg\",\"width\":850,\"height\":1239,\"caption\":\"COVER La linea roja WEB\"},{\"@type\":\"BreadcrumbList\",\"@id\":\"https:\/\/librosdelzorrorojo.com\/ca\/cataleg\/la-linea-roja\/#breadcrumb\",\"itemListElement\":[{\"@type\":\"ListItem\",\"position\":1,\"name\":\"Portada\",\"item\":\"https:\/\/librosdelzorrorojo.com\/ca\/\"},{\"@type\":\"ListItem\",\"position\":2,\"name\":\"Cat\u00e0leg\",\"item\":\"https:\/\/librosdelzorrorojo.com\/ca\/cataleg\/\"},{\"@type\":\"ListItem\",\"position\":3,\"name\":\"La l\u00ednea roja\"}]},{\"@type\":\"WebSite\",\"@id\":\"https:\/\/librosdelzorrorojo.com\/#website\",\"url\":\"https:\/\/librosdelzorrorojo.com\/\",\"name\":\"Libros del Zorro Rojo\",\"description\":\"Libros ilustrados\",\"potentialAction\":[{\"@type\":\"SearchAction\",\"target\":{\"@type\":\"EntryPoint\",\"urlTemplate\":\"https:\/\/librosdelzorrorojo.com\/?s={search_term_string}\"},\"query-input\":{\"@type\":\"PropertyValueSpecification\",\"valueRequired\":true,\"valueName\":\"search_term_string\"}}],\"inLanguage\":\"ca\"}]}<\/script>\n<!-- \/ Yoast SEO plugin. -->","yoast_head_json":{"title":"La l\u00ednea roja - Libros del Zorro Rojo","description":"el roto; l\u00ednea roja, arte, cr\u00edtica social, autocr\u00edtica, el bosco, preguntas, sociedad, humanidad, l\u00edmites","robots":{"index":"index","follow":"follow","max-snippet":"max-snippet:-1","max-image-preview":"max-image-preview:large","max-video-preview":"max-video-preview:-1"},"canonical":"https:\/\/librosdelzorrorojo.com\/ca\/cataleg\/la-linea-roja\/","og_locale":"ca_ES","og_type":"article","og_title":"La l\u00ednea roja - Libros del Zorro Rojo","og_description":"el roto; l\u00ednea roja, arte, cr\u00edtica social, autocr\u00edtica, el bosco, preguntas, sociedad, humanidad, l\u00edmites","og_url":"https:\/\/librosdelzorrorojo.com\/ca\/cataleg\/la-linea-roja\/","og_site_name":"Libros del Zorro Rojo","article_modified_time":"2026-04-16T06:35:15+00:00","og_image":[{"width":1200,"height":1200,"url":"https:\/\/librosdelzorrorojo.com\/wp-content\/uploads\/2021\/02\/La-li\u0301nea-roja_1200x1200_11.jpg","type":"image\/jpeg"}],"twitter_card":"summary_large_image","twitter_image":"https:\/\/librosdelzorrorojo.com\/wp-content\/uploads\/2021\/02\/La-li\u0301nea-roja_1200x1200_01.jpg","twitter_misc":{"Temps estimat de lectura":"1 minut"},"schema":{"@context":"https:\/\/schema.org","@graph":[{"@type":"WebPage","@id":"https:\/\/librosdelzorrorojo.com\/ca\/cataleg\/la-linea-roja\/","url":"https:\/\/librosdelzorrorojo.com\/ca\/cataleg\/la-linea-roja\/","name":"La l\u00ednea roja - Libros del Zorro Rojo","isPartOf":{"@id":"https:\/\/librosdelzorrorojo.com\/#website"},"primaryImageOfPage":{"@id":"https:\/\/librosdelzorrorojo.com\/ca\/cataleg\/la-linea-roja\/#primaryimage"},"image":{"@id":"https:\/\/librosdelzorrorojo.com\/ca\/cataleg\/la-linea-roja\/#primaryimage"},"thumbnailUrl":"https:\/\/librosdelzorrorojo.com\/wp-content\/uploads\/2021\/02\/COVER_La-linea-roja_WEB.jpg","datePublished":"2021-02-23T23:01:44+00:00","dateModified":"2026-04-16T06:35:15+00:00","description":"el roto; l\u00ednea roja, arte, cr\u00edtica social, autocr\u00edtica, el bosco, preguntas, sociedad, humanidad, l\u00edmites","breadcrumb":{"@id":"https:\/\/librosdelzorrorojo.com\/ca\/cataleg\/la-linea-roja\/#breadcrumb"},"inLanguage":"ca","potentialAction":[{"@type":"ReadAction","target":["https:\/\/librosdelzorrorojo.com\/ca\/cataleg\/la-linea-roja\/"]}]},{"@type":"ImageObject","inLanguage":"ca","@id":"https:\/\/librosdelzorrorojo.com\/ca\/cataleg\/la-linea-roja\/#primaryimage","url":"https:\/\/librosdelzorrorojo.com\/wp-content\/uploads\/2021\/02\/COVER_La-linea-roja_WEB.jpg","contentUrl":"https:\/\/librosdelzorrorojo.com\/wp-content\/uploads\/2021\/02\/COVER_La-linea-roja_WEB.jpg","width":850,"height":1239,"caption":"COVER La linea roja WEB"},{"@type":"BreadcrumbList","@id":"https:\/\/librosdelzorrorojo.com\/ca\/cataleg\/la-linea-roja\/#breadcrumb","itemListElement":[{"@type":"ListItem","position":1,"name":"Portada","item":"https:\/\/librosdelzorrorojo.com\/ca\/"},{"@type":"ListItem","position":2,"name":"Cat\u00e0leg","item":"https:\/\/librosdelzorrorojo.com\/ca\/cataleg\/"},{"@type":"ListItem","position":3,"name":"La l\u00ednea roja"}]},{"@type":"WebSite","@id":"https:\/\/librosdelzorrorojo.com\/#website","url":"https:\/\/librosdelzorrorojo.com\/","name":"Libros del Zorro Rojo","description":"Libros ilustrados","potentialAction":[{"@type":"SearchAction","target":{"@type":"EntryPoint","urlTemplate":"https:\/\/librosdelzorrorojo.com\/?s={search_term_string}"},"query-input":{"@type":"PropertyValueSpecification","valueRequired":true,"valueName":"search_term_string"}}],"inLanguage":"ca"}]}},"_links":{"self":[{"href":"https:\/\/librosdelzorrorojo.com\/ca\/wp-json\/wp\/v2\/product\/19000","targetHints":{"allow":["GET"]}}],"collection":[{"href":"https:\/\/librosdelzorrorojo.com\/ca\/wp-json\/wp\/v2\/product"}],"about":[{"href":"https:\/\/librosdelzorrorojo.com\/ca\/wp-json\/wp\/v2\/types\/product"}],"wp:featuredmedia":[{"embeddable":true,"href":"https:\/\/librosdelzorrorojo.com\/ca\/wp-json\/wp\/v2\/media\/18989"}],"wp:attachment":[{"href":"https:\/\/librosdelzorrorojo.com\/ca\/wp-json\/wp\/v2\/media?parent=19000"}],"wp:term":[{"taxonomy":"product_brand","embeddable":true,"href":"https:\/\/librosdelzorrorojo.com\/ca\/wp-json\/wp\/v2\/product_brand?post=19000"},{"taxonomy":"product_cat","embeddable":true,"href":"https:\/\/librosdelzorrorojo.com\/ca\/wp-json\/wp\/v2\/product_cat?post=19000"},{"taxonomy":"product_tag","embeddable":true,"href":"https:\/\/librosdelzorrorojo.com\/ca\/wp-json\/wp\/v2\/product_tag?post=19000"}],"curies":[{"name":"wp","href":"https:\/\/api.w.org\/{rel}","templated":true}]}}