{"id":12053,"date":"2020-09-19T12:00:29","date_gmt":"2020-10-19T10:00:29","guid":{"rendered":"https:\/\/librosdelzorrorojo.com\/catalogo\/el-corazon-de-las-tinieblas\/"},"modified":"2024-02-29T11:41:48","modified_gmt":"2024-02-29T10:41:48","slug":"el-corazon-de-las-tinieblas","status":"publish","type":"product","link":"https:\/\/librosdelzorrorojo.com\/ca\/cataleg\/el-corazon-de-las-tinieblas\/","title":{"rendered":"El coraz\u00f3n de las tinieblas"},"content":{"rendered":"<p class=\"p2\"><b>El Congo: una gran hacienda en \u00c1frica<\/b><\/p>\n<p class=\"p2\">Leopoldo II, rey de los belgas durante la segunda mitad del siglo<span>\u00a0XX<\/span>, animado por la idea de poseer un territorio may\u00fasculo, y movido por una irrefrenable avidez de riqueza y poder, concluy\u00f3 que la expansi\u00f3n colonial era algo deseable y necesario. Su codicioso b\u00e1culo se pos\u00f3 sobre el continente africano, siguiendo el rastro y patrocinando las expediciones de Henry Morton Stanley, reputado explorador del \u00c1frica Central.<\/p>\n<p class=\"p2\">Una expedici\u00f3n militar dedicada a la extracci\u00f3n de marfil y caucho no habr\u00eda tenido apoyo en la comunidad internacional; por ello fundament\u00f3 su intervenci\u00f3n en los m\u00e1s bellos prop\u00f3sitos humanitarios: \u00abLa misi\u00f3n que los Agentes del Estado tienen que completar en el Congo es noble \u2014hab\u00eda dicho en 1898 Leopoldo II\u2014. Tienen que continuar el desarrollo de la civilizaci\u00f3n en el centro del \u00c1frica Ecuatorial, recibiendo su inspiraci\u00f3n directamente desde Berl\u00edn y Bruselas. Situados cara a cara con el barbarismo primitivo, luchando con sanguinarias costumbres que datan de miles de a\u00f1os atr\u00e1s, est\u00e1n obligados a reducir estas gradualmente. Deben acostumbrar a la poblaci\u00f3n a las leyes generales, de las cuales la m\u00e1s necesaria y saludable es la del trabajo\u00bb.<\/p>\n<p class=\"p3\">Meses m\u00e1s tarde, gracias al respaldo de la conferencia de Berl\u00edn, (1884-85), Europa lo consagr\u00f3 soberano del reci\u00e9n fundado Estado Libre del Congo: la gran masacre hab\u00eda comenzado. Saqueo, tortuosos castigos y compra-venta de esclavos se sucedieron bajo una violenta coerci\u00f3n que, se estima, diezm\u00f3 a la poblaci\u00f3n aut\u00f3ctona en diez millones de personas.<\/p>\n<p class=\"p1\"><b>La huella del Congo en Conrad<\/b><\/p>\n<p class=\"p2\">El joven Conrad dej\u00f3 sus estudios animado por una pasi\u00f3n que no abandon\u00f3 jam\u00e1s. Apenas ten\u00eda diecisiete a\u00f1os cuando obtuvo el primero de muchos trabajos como marino en barcos de cabotaje; profesi\u00f3n que desempe\u00f1\u00f3 hasta lograr el t\u00edtulo de Capit\u00e1n Mercante de la Marina Brit\u00e1nica, y que le permitir\u00eda dar curso a una ingenua obsesi\u00f3n alimentada desde la infancia, cuando el misterioso continente africano, a\u00fan sin cartografiar, se ofrec\u00eda a sus ensue\u00f1os como la gloria m\u00e1xime de los proyectos de exploraci\u00f3n y civilizaci\u00f3n. A sus treinta y tres a\u00f1os, Conrad parti\u00f3 hacia el Congo Belga, siendo testigo privilegiado del \u00abm\u00e1s vil de los saqueos de la historia de las exploraciones geogr\u00e1ficas y de la conciencia humana\u00bb<span>\u00a0<\/span><i>(Last Essays)<\/i>, una experiencia irreversible que cambi\u00f3 por completo su visi\u00f3n del mundo.<\/p>\n<p class=\"p1\"><b>El coraz\u00f3n de las tinieblas<\/b><\/p>\n<p class=\"p1\">Escrita a gran velocidad y publicada originalmente en entregas peri\u00f3dicas por la revista<span>\u00a0<\/span><i>Blackwood<span>\u00a0<\/span><\/i>(1899); la amargura, el asombro, la indignaci\u00f3n\u2026, \u00ab\u00a1ah, el horror! \u00a1El horror!\u00bb cosechados en su viaje al Congo motivaron a Conrad a escribir<span>\u00a0<\/span><i>El coraz\u00f3n de las tinieblas.<\/i><\/p>\n<p class=\"p1\">Marlow,<span>\u00a0<\/span><i>alter ego<span>\u00a0<\/span><\/i>de Joseph Conrad, protagonista y ex\u00e9geta de sus historias, en un momento de marea baja en el r\u00edo T\u00e1mesis, narra a la tripulaci\u00f3n del<span>\u00a0<\/span><i>Nelly<span>\u00a0<\/span><\/i>un antiguo viaje como capit\u00e1n de un barco fluvial que se adentra en las profundidades del r\u00edo Congo.<\/p>\n<p class=\"p1\">En el coraz\u00f3n de \u00c1frica, deber\u00e1 reunirse con el ind\u00f3mito y misterioso jefe de una explotaci\u00f3n de marfil, venerado como un dios por los nativos: Kurtz, quien lleg\u00f3 a la selva cargando una maleta repleta de moralismos, se muestra ahora implacable y cruel. Kurtz recorrer\u00e1 las p\u00e1ginas de la novela como una figura espectral fascinada por la selva, presa por una profunda oscuridad, que se agiganta conforme avanza la historia. La selva parece haberle revelado entre susurros un secreto oculto, un hallazgo al que dominar o al que someterse.<\/p>\n<p class=\"p2\">El arte de Enrique Breccia expresa con singular maestr\u00eda las tensiones del relato<span>\u00a0<\/span>conradiano\u00a0entre las fuerzas latentes y brutales de la condici\u00f3n humana y las indomables tinieblas de la selva africana.<\/p>\n<p><span>Hojea el libro\u00a0<a href=\"https:\/\/issuu.com\/librosdelzorrorojo\/docs\/book-corazon_de_las_tinieblas\"><span style=\"color: #ff0000;\">aqu\u00ed<\/span><\/a>\u00a0<\/span><\/p>\n<p>&nbsp;<\/p>\n","protected":false},"excerpt":{"rendered":"Escrita a gran velocidad y publicada originalmente en entregas peri\u00f3dicas por la revista<span>\u00a0<\/span><i>Blackwood<span>\u00a0<\/span><\/i>(1899); la amargura, el asombro, la indignaci\u00f3n\u2026 \u00ab\u00a1Ah, el horror! \u00a1El horror!\u00bb cosechados en su viaje al Congo motivaron a Conrad a escribir<span>\u00a0<\/span><i>El coraz\u00f3n de las tinieblas.<\/i>","protected":false},"featured_media":12054,"template":"","meta":{"_acf_changed":false},"product_brand":[],"product_cat":[844,3156,846],"product_tag":[],"class_list":{"0":"post-12053","1":"product","2":"type-product","3":"status-publish","4":"has-post-thumbnail","6":"product_cat-castella","7":"product_cat-juvenil-adult","8":"product_cat-novedades-ca","10":"first","11":"instock","12":"taxable","13":"shipping-taxable","14":"purchasable","15":"product-type-variable"},"acf":[],"yoast_head":"<!-- This site is optimized with the Yoast SEO plugin v25.1 - https:\/\/yoast.com\/wordpress\/plugins\/seo\/ -->\n<title>El coraz\u00f3n de las tinieblas<\/title>\n<meta name=\"description\" content=\"Una expedici\u00f3n militar dedicada a la extracci\u00f3n de marfil y caucho no habr\u00eda tenido apoyo en la comunidad internacional, novela gr\u00e1fica\" \/>\n<meta name=\"robots\" content=\"index, follow, max-snippet:-1, max-image-preview:large, max-video-preview:-1\" \/>\n<link rel=\"canonical\" href=\"https:\/\/librosdelzorrorojo.com\/ca\/cataleg\/el-corazon-de-las-tinieblas\/\" \/>\n<meta property=\"og:locale\" content=\"ca_ES\" \/>\n<meta property=\"og:type\" content=\"article\" \/>\n<meta property=\"og:title\" content=\"El coraz\u00f3n de las tinieblas\" \/>\n<meta property=\"og:description\" content=\"Una expedici\u00f3n militar dedicada a la extracci\u00f3n de marfil y caucho no habr\u00eda tenido apoyo en la comunidad internacional, novela gr\u00e1fica\" \/>\n<meta property=\"og:url\" content=\"https:\/\/librosdelzorrorojo.com\/ca\/cataleg\/el-corazon-de-las-tinieblas\/\" \/>\n<meta property=\"og:site_name\" content=\"Libros del Zorro Rojo\" \/>\n<meta property=\"article:modified_time\" content=\"2024-02-29T10:41:48+00:00\" \/>\n<meta property=\"og:image\" content=\"https:\/\/librosdelzorrorojo.com\/wp-content\/uploads\/2017\/11\/Cover-El-corazon-de-las-tinieblas-1-e1525275257998.jpg\" \/>\n\t<meta property=\"og:image:width\" content=\"850\" \/>\n\t<meta property=\"og:image:height\" content=\"1230\" \/>\n\t<meta property=\"og:image:type\" content=\"image\/jpeg\" \/>\n<meta name=\"twitter:card\" content=\"summary_large_image\" \/>\n<meta name=\"twitter:label1\" content=\"Temps estimat de lectura\" \/>\n\t<meta name=\"twitter:data1\" content=\"3 minuts\" \/>\n<script type=\"application\/ld+json\" class=\"yoast-schema-graph\">{\"@context\":\"https:\/\/schema.org\",\"@graph\":[{\"@type\":\"WebPage\",\"@id\":\"https:\/\/librosdelzorrorojo.com\/ca\/cataleg\/el-corazon-de-las-tinieblas\/\",\"url\":\"https:\/\/librosdelzorrorojo.com\/ca\/cataleg\/el-corazon-de-las-tinieblas\/\",\"name\":\"El coraz\u00f3n de las tinieblas\",\"isPartOf\":{\"@id\":\"https:\/\/librosdelzorrorojo.com\/#website\"},\"primaryImageOfPage\":{\"@id\":\"https:\/\/librosdelzorrorojo.com\/ca\/cataleg\/el-corazon-de-las-tinieblas\/#primaryimage\"},\"image\":{\"@id\":\"https:\/\/librosdelzorrorojo.com\/ca\/cataleg\/el-corazon-de-las-tinieblas\/#primaryimage\"},\"thumbnailUrl\":\"https:\/\/librosdelzorrorojo.com\/wp-content\/uploads\/2017\/11\/Cover-El-corazon-de-las-tinieblas-1-e1525275257998.jpg\",\"datePublished\":\"2020-10-19T10:00:29+00:00\",\"dateModified\":\"2024-02-29T10:41:48+00:00\",\"description\":\"Una expedici\u00f3n militar dedicada a la extracci\u00f3n de marfil y caucho no habr\u00eda tenido apoyo en la comunidad internacional, novela gr\u00e1fica\",\"breadcrumb\":{\"@id\":\"https:\/\/librosdelzorrorojo.com\/ca\/cataleg\/el-corazon-de-las-tinieblas\/#breadcrumb\"},\"inLanguage\":\"ca\",\"potentialAction\":[{\"@type\":\"ReadAction\",\"target\":[\"https:\/\/librosdelzorrorojo.com\/ca\/cataleg\/el-corazon-de-las-tinieblas\/\"]}]},{\"@type\":\"ImageObject\",\"inLanguage\":\"ca\",\"@id\":\"https:\/\/librosdelzorrorojo.com\/ca\/cataleg\/el-corazon-de-las-tinieblas\/#primaryimage\",\"url\":\"https:\/\/librosdelzorrorojo.com\/wp-content\/uploads\/2017\/11\/Cover-El-corazon-de-las-tinieblas-1-e1525275257998.jpg\",\"contentUrl\":\"https:\/\/librosdelzorrorojo.com\/wp-content\/uploads\/2017\/11\/Cover-El-corazon-de-las-tinieblas-1-e1525275257998.jpg\",\"width\":850,\"height\":1230,\"caption\":\"Cover El corazon de las tinieblas 1 e1525275257998\"},{\"@type\":\"BreadcrumbList\",\"@id\":\"https:\/\/librosdelzorrorojo.com\/ca\/cataleg\/el-corazon-de-las-tinieblas\/#breadcrumb\",\"itemListElement\":[{\"@type\":\"ListItem\",\"position\":1,\"name\":\"Portada\",\"item\":\"https:\/\/librosdelzorrorojo.com\/ca\/\"},{\"@type\":\"ListItem\",\"position\":2,\"name\":\"Cat\u00e0leg\",\"item\":\"https:\/\/librosdelzorrorojo.com\/ca\/cataleg\/\"},{\"@type\":\"ListItem\",\"position\":3,\"name\":\"El coraz\u00f3n de las tinieblas\"}]},{\"@type\":\"WebSite\",\"@id\":\"https:\/\/librosdelzorrorojo.com\/#website\",\"url\":\"https:\/\/librosdelzorrorojo.com\/\",\"name\":\"Libros del Zorro Rojo\",\"description\":\"Libros ilustrados\",\"potentialAction\":[{\"@type\":\"SearchAction\",\"target\":{\"@type\":\"EntryPoint\",\"urlTemplate\":\"https:\/\/librosdelzorrorojo.com\/?s={search_term_string}\"},\"query-input\":{\"@type\":\"PropertyValueSpecification\",\"valueRequired\":true,\"valueName\":\"search_term_string\"}}],\"inLanguage\":\"ca\"}]}<\/script>\n<!-- \/ Yoast SEO plugin. -->","yoast_head_json":{"title":"El coraz\u00f3n de las tinieblas","description":"Una expedici\u00f3n militar dedicada a la extracci\u00f3n de marfil y caucho no habr\u00eda tenido apoyo en la comunidad internacional, novela gr\u00e1fica","robots":{"index":"index","follow":"follow","max-snippet":"max-snippet:-1","max-image-preview":"max-image-preview:large","max-video-preview":"max-video-preview:-1"},"canonical":"https:\/\/librosdelzorrorojo.com\/ca\/cataleg\/el-corazon-de-las-tinieblas\/","og_locale":"ca_ES","og_type":"article","og_title":"El coraz\u00f3n de las tinieblas","og_description":"Una expedici\u00f3n militar dedicada a la extracci\u00f3n de marfil y caucho no habr\u00eda tenido apoyo en la comunidad internacional, novela gr\u00e1fica","og_url":"https:\/\/librosdelzorrorojo.com\/ca\/cataleg\/el-corazon-de-las-tinieblas\/","og_site_name":"Libros del Zorro Rojo","article_modified_time":"2024-02-29T10:41:48+00:00","og_image":[{"width":850,"height":1230,"url":"https:\/\/librosdelzorrorojo.com\/wp-content\/uploads\/2017\/11\/Cover-El-corazon-de-las-tinieblas-1-e1525275257998.jpg","type":"image\/jpeg"}],"twitter_card":"summary_large_image","twitter_misc":{"Temps estimat de lectura":"3 minuts"},"schema":{"@context":"https:\/\/schema.org","@graph":[{"@type":"WebPage","@id":"https:\/\/librosdelzorrorojo.com\/ca\/cataleg\/el-corazon-de-las-tinieblas\/","url":"https:\/\/librosdelzorrorojo.com\/ca\/cataleg\/el-corazon-de-las-tinieblas\/","name":"El coraz\u00f3n de las tinieblas","isPartOf":{"@id":"https:\/\/librosdelzorrorojo.com\/#website"},"primaryImageOfPage":{"@id":"https:\/\/librosdelzorrorojo.com\/ca\/cataleg\/el-corazon-de-las-tinieblas\/#primaryimage"},"image":{"@id":"https:\/\/librosdelzorrorojo.com\/ca\/cataleg\/el-corazon-de-las-tinieblas\/#primaryimage"},"thumbnailUrl":"https:\/\/librosdelzorrorojo.com\/wp-content\/uploads\/2017\/11\/Cover-El-corazon-de-las-tinieblas-1-e1525275257998.jpg","datePublished":"2020-10-19T10:00:29+00:00","dateModified":"2024-02-29T10:41:48+00:00","description":"Una expedici\u00f3n militar dedicada a la extracci\u00f3n de marfil y caucho no habr\u00eda tenido apoyo en la comunidad internacional, novela gr\u00e1fica","breadcrumb":{"@id":"https:\/\/librosdelzorrorojo.com\/ca\/cataleg\/el-corazon-de-las-tinieblas\/#breadcrumb"},"inLanguage":"ca","potentialAction":[{"@type":"ReadAction","target":["https:\/\/librosdelzorrorojo.com\/ca\/cataleg\/el-corazon-de-las-tinieblas\/"]}]},{"@type":"ImageObject","inLanguage":"ca","@id":"https:\/\/librosdelzorrorojo.com\/ca\/cataleg\/el-corazon-de-las-tinieblas\/#primaryimage","url":"https:\/\/librosdelzorrorojo.com\/wp-content\/uploads\/2017\/11\/Cover-El-corazon-de-las-tinieblas-1-e1525275257998.jpg","contentUrl":"https:\/\/librosdelzorrorojo.com\/wp-content\/uploads\/2017\/11\/Cover-El-corazon-de-las-tinieblas-1-e1525275257998.jpg","width":850,"height":1230,"caption":"Cover El corazon de las tinieblas 1 e1525275257998"},{"@type":"BreadcrumbList","@id":"https:\/\/librosdelzorrorojo.com\/ca\/cataleg\/el-corazon-de-las-tinieblas\/#breadcrumb","itemListElement":[{"@type":"ListItem","position":1,"name":"Portada","item":"https:\/\/librosdelzorrorojo.com\/ca\/"},{"@type":"ListItem","position":2,"name":"Cat\u00e0leg","item":"https:\/\/librosdelzorrorojo.com\/ca\/cataleg\/"},{"@type":"ListItem","position":3,"name":"El coraz\u00f3n de las tinieblas"}]},{"@type":"WebSite","@id":"https:\/\/librosdelzorrorojo.com\/#website","url":"https:\/\/librosdelzorrorojo.com\/","name":"Libros del Zorro Rojo","description":"Libros ilustrados","potentialAction":[{"@type":"SearchAction","target":{"@type":"EntryPoint","urlTemplate":"https:\/\/librosdelzorrorojo.com\/?s={search_term_string}"},"query-input":{"@type":"PropertyValueSpecification","valueRequired":true,"valueName":"search_term_string"}}],"inLanguage":"ca"}]}},"_links":{"self":[{"href":"https:\/\/librosdelzorrorojo.com\/ca\/wp-json\/wp\/v2\/product\/12053","targetHints":{"allow":["GET"]}}],"collection":[{"href":"https:\/\/librosdelzorrorojo.com\/ca\/wp-json\/wp\/v2\/product"}],"about":[{"href":"https:\/\/librosdelzorrorojo.com\/ca\/wp-json\/wp\/v2\/types\/product"}],"wp:featuredmedia":[{"embeddable":true,"href":"https:\/\/librosdelzorrorojo.com\/ca\/wp-json\/wp\/v2\/media\/12054"}],"wp:attachment":[{"href":"https:\/\/librosdelzorrorojo.com\/ca\/wp-json\/wp\/v2\/media?parent=12053"}],"wp:term":[{"taxonomy":"product_brand","embeddable":true,"href":"https:\/\/librosdelzorrorojo.com\/ca\/wp-json\/wp\/v2\/product_brand?post=12053"},{"taxonomy":"product_cat","embeddable":true,"href":"https:\/\/librosdelzorrorojo.com\/ca\/wp-json\/wp\/v2\/product_cat?post=12053"},{"taxonomy":"product_tag","embeddable":true,"href":"https:\/\/librosdelzorrorojo.com\/ca\/wp-json\/wp\/v2\/product_tag?post=12053"}],"curies":[{"name":"wp","href":"https:\/\/api.w.org\/{rel}","templated":true}]}}