{"id":6606,"date":"2017-04-08T02:35:59","date_gmt":"2017-04-08T00:35:59","guid":{"rendered":"https:\/\/produccion.librosdelzorrorojo.com\/quienes-somos\/"},"modified":"2021-11-08T14:59:09","modified_gmt":"2021-11-08T13:59:09","slug":"qui-som","status":"publish","type":"page","link":"https:\/\/librosdelzorrorojo.com\/ca\/qui-som\/","title":{"rendered":"Qui som"},"content":{"rendered":"<p>[vc_row][vc_column][vc_column_text]<img fetchpriority=\"high\" decoding=\"async\" src=\"https:\/\/librosdelzorrorojo.com\/wp-content\/uploads\/2021\/11\/Slide-Ladron-de-gallinasBaja-9.jpg\" alt=\"\" width=\"1653\" height=\"665\" class=\"alignnone wp-image-21375 size-full\" srcset=\"https:\/\/librosdelzorrorojo.com\/wp-content\/uploads\/2021\/11\/Slide-Ladron-de-gallinasBaja-9.jpg 1653w, https:\/\/librosdelzorrorojo.com\/wp-content\/uploads\/2021\/11\/Slide-Ladron-de-gallinasBaja-9-600x241.jpg 600w, https:\/\/librosdelzorrorojo.com\/wp-content\/uploads\/2021\/11\/Slide-Ladron-de-gallinasBaja-9-1024x412.jpg 1024w, https:\/\/librosdelzorrorojo.com\/wp-content\/uploads\/2021\/11\/Slide-Ladron-de-gallinasBaja-9-768x309.jpg 768w, https:\/\/librosdelzorrorojo.com\/wp-content\/uploads\/2021\/11\/Slide-Ladron-de-gallinasBaja-9-1536x618.jpg 1536w, https:\/\/librosdelzorrorojo.com\/wp-content\/uploads\/2021\/11\/Slide-Ladron-de-gallinasBaja-9-800x322.jpg 800w\" sizes=\"(max-width: 1653px) 100vw, 1653px\" \/>[\/vc_column_text][vc_column_text]<\/p>\n<p dir=\"ltr\"><b>Premi Nacional a la Millor Tasca Editorial, <\/b>2011<\/p>\n<p dir=\"ltr\"><b>Premi a la Millor Editorial Europea, Fira del Llibre de Bol\u00f2nia, <\/b>2015<\/p>\n<p>[\/vc_column_text][vc_column_text]<\/p>\n<h5><span style=\"color: #ff0000;\"><b>L\u2019art d\u2019editar<br \/>\n&#8211;<\/b><\/span><\/h5>\n<p dir=\"ltr\"><span style=\"font-weight: 400;\">Des de la seva fundaci\u00f3 a Barcelona el 2004, Libros del Zorro Rojo s\u2019ha consolidat com una editorial de refer\u00e8ncia internacional en l\u2019edici\u00f3 de llibres il\u00b7lustrats per a lectors de totes les edats.<\/span><\/p>\n<p dir=\"ltr\"><span style=\"font-weight: 400;\">Per a la nostra editorial, il\u00b7lustrar significa crear una obra mitjan\u00e7ant la conflu\u00e8ncia de dos llenguatges: la literatura i les belles arts. Paraula i imatge floreixen en el f\u00e8rtil terreny que les vincula: l\u2019art d\u2019editar. Ofici delicat i prec\u00eds, dins del qual l\u2019atenta cura de les traduccions i l\u2019exquisidesa en el disseny converteixen cada edici\u00f3 en quelcom \u00fanic.<\/span><\/p>\n<p dir=\"ltr\"><span style=\"font-weight: 400;\">Obres en les quals el bell no es proposa com a element decoratiu, sin\u00f3 com a mitj\u00e0 pel desenvolupament reflexiu dels lectors. Els llibres que articulen i defineixen el nostre cat\u00e0leg, tant d\u2019infantil com de juvenil i adult, s\u00f3n llibres que busquen, des de la singularitat, complaure aquest desig del lector de trobar significats propis. Una literatura que no uniformitzi, inconformista, no complaent, que plantegi preguntes, integradora, que desperti la curiositat i, sobretot, que provoqui el plaer de la lectura.<\/span><\/p>\n<p dir=\"ltr\"><span style=\"font-weight: 400;\">Destaquen al nostre cat\u00e0leg de joves i adults els rescats de cl\u00e0ssics il\u00b7lustrats per notables artistes juntament amb textos d\u2019autors universals, de diferents \u00e8poques i estils, en \u00edntim di\u00e0leg amb el llenguatge gr\u00e0fic de creadors contemporanis. Julio Cort\u00e1zar, tr\u00e0nsfuga entre realitats, il\u00b7lustrat des de l\u2019ombra per Jos\u00e9 Mu\u00f1oz o Enrique Breccia; el genial Harry Clarke il\u00b7luminant els contes d\u2019Andersen, d\u2019Edgar Allan Poe o el Faust de Goethe; Alejandra Pizarnik vivificada per notables estampes de Santiago Caruso; o Pat Andrea descobrint-nos el surrealisme pertorbador <\/span><i><span style=\"font-weight: 400;\">d\u2019<\/span><\/i><i><span style=\"font-weight: 400;\">Alicia en el pa\u00eds de las maravillas<\/span><\/i><span style=\"font-weight: 400;\"> o dels poemes censurats de Baudelaire; els collages l\u00fadics d\u2019Isidro Ferrer en di\u00e0leg amb <\/span><i><span style=\"font-weight: 400;\">Los Sue\u00f1os de Helena<\/span><\/i><span style=\"font-weight: 400;\">, d\u2019Eduardo Galeano; Kafka, Wells o el mateix Dr\u00e0cula ressaltats per la tinta de Luis Scafati, s\u00f3n alguns dels treballs que han consolidat la nostra identitat art\u00edstica i la nostra l\u00ednia editorial.<\/span><\/p>\n<p dir=\"ltr\"><span style=\"font-weight: 400;\">La guineu \u00e9s un animal irreverent, auda\u00e7. Aquesta aud\u00e0cia per innovar, per\u00f2 tamb\u00e9 per incomodar, resulta indispensable per a la nostra manera d\u2019entendre aquest ofici: hem intentat trencar amb alguns dels t\u00f2pics m\u00e9s generalitzats del llibre-\u00e0lbum en q\u00fcestionar, una vegada i una altra, els l\u00edmits d\u2019un g\u00e8nere viu. Busquem hist\u00f2ries ben escrites, que commoguin; personatges reveladors, temes controvertits i propostes gr\u00e0fiques originals, distintives i d\u2019alta qualitat que construeixen llibres capa\u00e7os d\u2019obrir nous horitzons a nous lectors.<\/span><\/p>\n<p dir=\"ltr\"><span style=\"font-weight: 400;\">Ens interessa el virtuosisme gr\u00e0fic que traspua del treball d\u2019Einar Turkowski, la il\u00b7lustraci\u00f3 transgressora d\u2019Atak i la visi\u00f3 desimbolta i sorprenent del m\u00f3n que mostra Adrienne Barman en els seus exitosos compendis sobre la natura (<\/span><i><span style=\"font-weight: 400;\">Bestiari<\/span><\/i><span style=\"font-weight: 400;\"> i <\/span><i><span style=\"font-weight: 400;\">Herbari<\/span><\/i><span style=\"font-weight: 400;\">); per\u00f2 tamb\u00e9 apostem per formats integradors (<\/span><i><span style=\"font-weight: 400;\">El llibre negre dels colors<\/span><\/i><span style=\"font-weight: 400;\">; <\/span><i><span style=\"font-weight: 400;\">Mil orelles<\/span><\/i><span style=\"font-weight: 400;\">) o per una lectura infinita, en qu\u00e8 el lector sigui capa\u00e7 de recrear la seva pr\u00f2pia hist\u00f2ria endinsant-se <\/span><i><span style=\"font-weight: 400;\">En el bosque<\/span><\/i><span style=\"font-weight: 400;\"> d\u2019Ana Mar\u00eda Matute i Elena Odriozola. Llibres amb continguts que afavoreixen el pensament cr\u00edtic, ja sigui des de l\u2019inconformisme de Pr\u00e9vert, des de la ironia devastadora del nostre <\/span><i><span style=\"font-weight: 400;\">Finn Herman<\/span><\/i><span style=\"font-weight: 400;\"> o des de la s\u00e0tira intel\u00b7ligent (<\/span><i><span style=\"font-weight: 400;\">L\u2019entrada de Crist a Brussel\u00b7les<\/span><\/i><span style=\"font-weight: 400;\">) i, \u00e9s clar , que fomenten la creativitat i el di\u00e0leg a trav\u00e9s de la met\u00e0fora (<\/span><i><span style=\"font-weight: 400;\">Onada Blava<\/span><\/i><span style=\"font-weight: 400;\">) i el joc (<\/span><i><span style=\"font-weight: 400;\">Sinfronteras<\/span><\/i><span style=\"font-weight: 400;\">). Aquesta riquesa simb\u00f2lica converteix el nostre cat\u00e0leg infantil en idoni per nenes, nens\u2026 i adults!<\/span><\/p>\n<p dir=\"ltr\"><span style=\"font-weight: 400;\">Des de fa anys, intentem fer de l\u2019edici\u00f3 un art, pensant en els lectors singulars i repensant cada llibre amb l\u2019ast\u00facia i la tenacitat d\u2019una guineu, una acolorida guineu vermella de faula.<\/span><\/p>\n<p>[\/vc_column_text][\/vc_column][\/vc_row]<\/p>\n","protected":false},"excerpt":{"rendered":"[vc_row][vc_column][vc_column_text][\/vc_column_text][vc_column_text] Premi Nacional a la Millor Tasca Editorial, 2011 Premi a la Millor Editorial Europea, Fira del Llibre de Bol\u00f2nia, 2015 [\/vc_column_text][vc_column_text] L\u2019art d\u2019editar &#8211; Des de la seva fundaci\u00f3 a Barcelona el 2004, Libros del Zorro Rojo s\u2019ha consolidat com una editorial de refer\u00e8ncia internacional en l\u2019edici\u00f3 de llibres il\u00b7lustrats per a lectors de [&hellip;]","protected":false},"author":1,"featured_media":0,"parent":0,"menu_order":0,"comment_status":"closed","ping_status":"closed","template":"templates\/template-historia.php","meta":{"_acf_changed":false,"footnotes":""},"class_list":["post-6606","page","type-page","status-publish","hentry"],"acf":[],"yoast_head":"<!-- This site is optimized with the Yoast SEO plugin v25.1 - https:\/\/yoast.com\/wordpress\/plugins\/seo\/ -->\n<title>Qui som - Libros del Zorro Rojo - Editorial Espa\u00f1a<\/title>\n<meta name=\"description\" content=\"Desde su fundaci\u00f3n en Barcelona en 2004, Libros del Zorro Rojo se ha consolidado como una editorial de referencia internacional en la edici\u00f3n de obras...\" \/>\n<meta name=\"robots\" content=\"index, follow, max-snippet:-1, max-image-preview:large, max-video-preview:-1\" \/>\n<link rel=\"canonical\" href=\"https:\/\/librosdelzorrorojo.com\/ca\/qui-som\/\" \/>\n<meta property=\"og:locale\" content=\"ca_ES\" \/>\n<meta property=\"og:type\" content=\"article\" \/>\n<meta property=\"og:title\" content=\"Qui som - Libros del Zorro Rojo - Editorial Espa\u00f1a\" \/>\n<meta property=\"og:description\" content=\"Desde su fundaci\u00f3n en Barcelona en 2004, Libros del Zorro Rojo se ha consolidado como una editorial de referencia internacional en la edici\u00f3n de obras...\" \/>\n<meta property=\"og:url\" content=\"https:\/\/librosdelzorrorojo.com\/ca\/qui-som\/\" \/>\n<meta property=\"og:site_name\" content=\"Libros del Zorro Rojo\" \/>\n<meta property=\"article:modified_time\" content=\"2021-11-08T13:59:09+00:00\" \/>\n<meta property=\"og:image\" content=\"https:\/\/librosdelzorrorojo.com\/wp-content\/uploads\/2021\/11\/Slide-Ladron-de-gallinasBaja-9.jpg\" \/>\n<meta name=\"twitter:card\" content=\"summary_large_image\" \/>\n<meta name=\"twitter:label1\" content=\"Temps estimat de lectura\" \/>\n\t<meta name=\"twitter:data1\" content=\"3 minuts\" \/>\n<script type=\"application\/ld+json\" class=\"yoast-schema-graph\">{\"@context\":\"https:\/\/schema.org\",\"@graph\":[{\"@type\":\"WebPage\",\"@id\":\"https:\/\/librosdelzorrorojo.com\/ca\/qui-som\/\",\"url\":\"https:\/\/librosdelzorrorojo.com\/ca\/qui-som\/\",\"name\":\"Qui som - Libros del Zorro Rojo - Editorial Espa\u00f1a\",\"isPartOf\":{\"@id\":\"https:\/\/librosdelzorrorojo.com\/#website\"},\"primaryImageOfPage\":{\"@id\":\"https:\/\/librosdelzorrorojo.com\/ca\/qui-som\/#primaryimage\"},\"image\":{\"@id\":\"https:\/\/librosdelzorrorojo.com\/ca\/qui-som\/#primaryimage\"},\"thumbnailUrl\":\"https:\/\/librosdelzorrorojo.com\/wp-content\/uploads\/2021\/11\/Slide-Ladron-de-gallinasBaja-9.jpg\",\"datePublished\":\"2017-04-08T00:35:59+00:00\",\"dateModified\":\"2021-11-08T13:59:09+00:00\",\"description\":\"Desde su fundaci\u00f3n en Barcelona en 2004, Libros del Zorro Rojo se ha consolidado como una editorial de referencia internacional en la edici\u00f3n de obras...\",\"breadcrumb\":{\"@id\":\"https:\/\/librosdelzorrorojo.com\/ca\/qui-som\/#breadcrumb\"},\"inLanguage\":\"ca\",\"potentialAction\":[{\"@type\":\"ReadAction\",\"target\":[\"https:\/\/librosdelzorrorojo.com\/ca\/qui-som\/\"]}]},{\"@type\":\"ImageObject\",\"inLanguage\":\"ca\",\"@id\":\"https:\/\/librosdelzorrorojo.com\/ca\/qui-som\/#primaryimage\",\"url\":\"https:\/\/librosdelzorrorojo.com\/wp-content\/uploads\/2021\/11\/Slide-Ladron-de-gallinasBaja-9.jpg\",\"contentUrl\":\"https:\/\/librosdelzorrorojo.com\/wp-content\/uploads\/2021\/11\/Slide-Ladron-de-gallinasBaja-9.jpg\"},{\"@type\":\"BreadcrumbList\",\"@id\":\"https:\/\/librosdelzorrorojo.com\/ca\/qui-som\/#breadcrumb\",\"itemListElement\":[{\"@type\":\"ListItem\",\"position\":1,\"name\":\"Portada\",\"item\":\"https:\/\/librosdelzorrorojo.com\/ca\/\"},{\"@type\":\"ListItem\",\"position\":2,\"name\":\"Qui som\"}]},{\"@type\":\"WebSite\",\"@id\":\"https:\/\/librosdelzorrorojo.com\/#website\",\"url\":\"https:\/\/librosdelzorrorojo.com\/\",\"name\":\"Libros del Zorro Rojo\",\"description\":\"Libros ilustrados\",\"potentialAction\":[{\"@type\":\"SearchAction\",\"target\":{\"@type\":\"EntryPoint\",\"urlTemplate\":\"https:\/\/librosdelzorrorojo.com\/?s={search_term_string}\"},\"query-input\":{\"@type\":\"PropertyValueSpecification\",\"valueRequired\":true,\"valueName\":\"search_term_string\"}}],\"inLanguage\":\"ca\"}]}<\/script>\n<!-- \/ Yoast SEO plugin. -->","yoast_head_json":{"title":"Qui som - Libros del Zorro Rojo - Editorial Espa\u00f1a","description":"Desde su fundaci\u00f3n en Barcelona en 2004, Libros del Zorro Rojo se ha consolidado como una editorial de referencia internacional en la edici\u00f3n de obras...","robots":{"index":"index","follow":"follow","max-snippet":"max-snippet:-1","max-image-preview":"max-image-preview:large","max-video-preview":"max-video-preview:-1"},"canonical":"https:\/\/librosdelzorrorojo.com\/ca\/qui-som\/","og_locale":"ca_ES","og_type":"article","og_title":"Qui som - Libros del Zorro Rojo - Editorial Espa\u00f1a","og_description":"Desde su fundaci\u00f3n en Barcelona en 2004, Libros del Zorro Rojo se ha consolidado como una editorial de referencia internacional en la edici\u00f3n de obras...","og_url":"https:\/\/librosdelzorrorojo.com\/ca\/qui-som\/","og_site_name":"Libros del Zorro Rojo","article_modified_time":"2021-11-08T13:59:09+00:00","og_image":[{"url":"https:\/\/librosdelzorrorojo.com\/wp-content\/uploads\/2021\/11\/Slide-Ladron-de-gallinasBaja-9.jpg","type":"","width":"","height":""}],"twitter_card":"summary_large_image","twitter_misc":{"Temps estimat de lectura":"3 minuts"},"schema":{"@context":"https:\/\/schema.org","@graph":[{"@type":"WebPage","@id":"https:\/\/librosdelzorrorojo.com\/ca\/qui-som\/","url":"https:\/\/librosdelzorrorojo.com\/ca\/qui-som\/","name":"Qui som - Libros del Zorro Rojo - Editorial Espa\u00f1a","isPartOf":{"@id":"https:\/\/librosdelzorrorojo.com\/#website"},"primaryImageOfPage":{"@id":"https:\/\/librosdelzorrorojo.com\/ca\/qui-som\/#primaryimage"},"image":{"@id":"https:\/\/librosdelzorrorojo.com\/ca\/qui-som\/#primaryimage"},"thumbnailUrl":"https:\/\/librosdelzorrorojo.com\/wp-content\/uploads\/2021\/11\/Slide-Ladron-de-gallinasBaja-9.jpg","datePublished":"2017-04-08T00:35:59+00:00","dateModified":"2021-11-08T13:59:09+00:00","description":"Desde su fundaci\u00f3n en Barcelona en 2004, Libros del Zorro Rojo se ha consolidado como una editorial de referencia internacional en la edici\u00f3n de obras...","breadcrumb":{"@id":"https:\/\/librosdelzorrorojo.com\/ca\/qui-som\/#breadcrumb"},"inLanguage":"ca","potentialAction":[{"@type":"ReadAction","target":["https:\/\/librosdelzorrorojo.com\/ca\/qui-som\/"]}]},{"@type":"ImageObject","inLanguage":"ca","@id":"https:\/\/librosdelzorrorojo.com\/ca\/qui-som\/#primaryimage","url":"https:\/\/librosdelzorrorojo.com\/wp-content\/uploads\/2021\/11\/Slide-Ladron-de-gallinasBaja-9.jpg","contentUrl":"https:\/\/librosdelzorrorojo.com\/wp-content\/uploads\/2021\/11\/Slide-Ladron-de-gallinasBaja-9.jpg"},{"@type":"BreadcrumbList","@id":"https:\/\/librosdelzorrorojo.com\/ca\/qui-som\/#breadcrumb","itemListElement":[{"@type":"ListItem","position":1,"name":"Portada","item":"https:\/\/librosdelzorrorojo.com\/ca\/"},{"@type":"ListItem","position":2,"name":"Qui som"}]},{"@type":"WebSite","@id":"https:\/\/librosdelzorrorojo.com\/#website","url":"https:\/\/librosdelzorrorojo.com\/","name":"Libros del Zorro Rojo","description":"Libros ilustrados","potentialAction":[{"@type":"SearchAction","target":{"@type":"EntryPoint","urlTemplate":"https:\/\/librosdelzorrorojo.com\/?s={search_term_string}"},"query-input":{"@type":"PropertyValueSpecification","valueRequired":true,"valueName":"search_term_string"}}],"inLanguage":"ca"}]}},"_links":{"self":[{"href":"https:\/\/librosdelzorrorojo.com\/ca\/wp-json\/wp\/v2\/pages\/6606","targetHints":{"allow":["GET"]}}],"collection":[{"href":"https:\/\/librosdelzorrorojo.com\/ca\/wp-json\/wp\/v2\/pages"}],"about":[{"href":"https:\/\/librosdelzorrorojo.com\/ca\/wp-json\/wp\/v2\/types\/page"}],"author":[{"embeddable":true,"href":"https:\/\/librosdelzorrorojo.com\/ca\/wp-json\/wp\/v2\/users\/1"}],"replies":[{"embeddable":true,"href":"https:\/\/librosdelzorrorojo.com\/ca\/wp-json\/wp\/v2\/comments?post=6606"}],"version-history":[{"count":11,"href":"https:\/\/librosdelzorrorojo.com\/ca\/wp-json\/wp\/v2\/pages\/6606\/revisions"}],"predecessor-version":[{"id":21379,"href":"https:\/\/librosdelzorrorojo.com\/ca\/wp-json\/wp\/v2\/pages\/6606\/revisions\/21379"}],"wp:attachment":[{"href":"https:\/\/librosdelzorrorojo.com\/ca\/wp-json\/wp\/v2\/media?parent=6606"}],"curies":[{"name":"wp","href":"https:\/\/api.w.org\/{rel}","templated":true}]}}