{"id":6598,"date":"2017-11-15T16:54:26","date_gmt":"2017-11-15T15:54:26","guid":{"rendered":"https:\/\/produccion.librosdelzorrorojo.com\/premios\/"},"modified":"2022-06-08T17:25:38","modified_gmt":"2022-06-08T15:25:38","slug":"reconeixements","status":"publish","type":"page","link":"https:\/\/librosdelzorrorojo.com\/ca\/reconeixements\/","title":{"rendered":"Reconeixements"},"content":{"rendered":"<p>[vc_row][vc_column][\/vc_column][\/vc_row][vc_row][vc_column][vc_column_text]<img fetchpriority=\"high\" decoding=\"async\" src=\"https:\/\/librosdelzorrorojo.com\/wp-content\/uploads\/2019\/11\/Reconocimientos.png\" alt=\"\" width=\"996\" height=\"400\" class=\"alignnone size-full wp-image-16000\" srcset=\"https:\/\/librosdelzorrorojo.com\/wp-content\/uploads\/2019\/11\/Reconocimientos.png 996w, https:\/\/librosdelzorrorojo.com\/wp-content\/uploads\/2019\/11\/Reconocimientos-600x241.png 600w, https:\/\/librosdelzorrorojo.com\/wp-content\/uploads\/2019\/11\/Reconocimientos-768x308.png 768w, https:\/\/librosdelzorrorojo.com\/wp-content\/uploads\/2019\/11\/Reconocimientos-800x321.png 800w\" sizes=\"(max-width: 996px) 100vw, 996px\" \/>[\/vc_column_text][\/vc_column][\/vc_row][vc_row][vc_column][vc_column_text]<b><span lang=\"ES\">Premi Nacional a la Millor Tasca Editorial<\/span><\/b><span lang=\"ES\">, 2011,\u00a0Ministeri de Cultura d\u2019Espa\u00f1a<br \/>\n<b>Premi a la Millor Editorial d\u2019Europa<\/b>, 2015,\u00a0Fira del Llibre de Bolonya<\/span><span lang=\"ES\"><\/span>[\/vc_column_text][\/vc_column][\/vc_row][vc_row][vc_column][vc_column_text]<\/p>\n<h5><span style=\"color: #ff0000;\"><b><span lang=\"ES-TRAD\">A les obres<br \/>\n\u2013<\/span><\/b><\/span><b><span lang=\"ES\"><\/span><\/b><\/h5>\n<h5><b><u><span lang=\"ES\">Nacionals<\/span><\/u><\/b><b><span lang=\"ES\"><\/span><\/b><\/h5>\n<p><b><span lang=\"ES-TRAD\">Premi Llibreter<\/span><\/b><span lang=\"ES\"><\/span><\/p>\n<ul>\n<li><span lang=\"ES\"> <\/span><span lang=\"ES-TRAD\">2015: <b><\/b><i>Salvatge,\u00a0<\/i>Emily Hughes<\/span><b><span lang=\"ES-TRAD\">\u00a0<\/span><\/b><\/li>\n<\/ul>\n<p><b><span lang=\"ES-TRAD\">Premi Nacional d\u2019Il\u00b7lustraci\u00f3. Ministeri d\u2019Educaci\u00f3 i Cultura d\u2019Espanya<\/span><\/b><span lang=\"ES\"><\/span><\/p>\n<ul>\n<li><span lang=\"ES\"> <\/span><span lang=\"ES-TRAD\">2006:\u00a0<i>Una casa para el abuelo,\u00a0<\/i>Carlos Grassa Toro, il\u00b7lustrat per Isidro Ferrer<\/span><\/li>\n<\/ul>\n<p><b><span lang=\"ES-TRAD\">Primer Premi Llibre Kirico<\/span><\/b><span lang=\"ES\"><\/span><\/p>\n<ul>\n<li><span lang=\"ES\"> <\/span><span lang=\"ES-TRAD\">2010:\u00a0<i>Malena Ballena,\u00a0<\/i>Davide Cali, il\u00b7lustrat per Sonja Bougaeva<\/span><span lang=\"ES\"><\/span><\/li>\n<\/ul>\n<p><b><span lang=\"ES-TRAD\">\u00a0<\/span><\/b><b><span lang=\"ES-TRAD\">Tercer Premi Llibres Millor Editats. Ministeri de Cultura d\u2019Espanya<\/span><\/b><span lang=\"ES\"><\/span><\/p>\n<ul>\n<li><span lang=\"ES\"> <\/span><span lang=\"ES-TRAD\">2010:\u00a0<i>La f\u00e1brica de vinagre,\u00a0<\/i>Edward Gorey<\/span><span lang=\"ES\"><\/span><\/li>\n<li><span lang=\"EN-US\"> <\/span><span lang=\"EN-US\">2011:\u00a0<i>Salom\u00e9,\u00a0<\/i>Oscar Wilde, il\u00b7lustrat per Aubrey Beardsley<\/span><\/li>\n<li>2021:<span>\u00a0<\/span><em>El m\u00e9s petit de tots,<\/em><span>\u00a0<\/span>Lola Anglada i Sarriera<\/li>\n<\/ul>\n<h5><b><u><span lang=\"ES\">Internacionals<\/span><\/u><\/b><b><span lang=\"ES\"><\/span><\/b><\/h5>\n<p><b><span lang=\"ES-TRAD\">\u00a0<\/span><\/b><b><span lang=\"ES-TRAD\">Gran Premi d\u2019Il\u00b7lustraci\u00f3 de la Biennal de Bratislava<\/span><\/b><span lang=\"ES\"><\/span><\/p>\n<ul>\n<li><span lang=\"EN-US\"> <\/span><span lang=\"EN-US\">2001: \u00c9ric Battut,<i>Tots menys un<\/i><\/span><\/li>\n<li><span lang=\"ES\"> <\/span><span lang=\"ES-TRAD\">2007:\u00a0<i>Era fosc i sospitosament tranquil,\u00a0<\/i>Einar Turkowski<\/span><span lang=\"ES\"><\/span><\/li>\n<li><span lang=\"ES\"> <\/span><span lang=\"ES-TRAD\">2015:\u00a0<i>Un m\u00f3n propi<\/i>, Laura Carlin<\/span><\/li>\n<\/ul>\n<p><b><span lang=\"ES-TRAD\">Premi Bologna Ragazzi a la Millor Obra de Ficci\u00f3<\/span><\/b><span lang=\"ES\"><\/span><\/p>\n<ul>\n<li><span lang=\"ES\"> <\/span><span lang=\"ES-TRAD\">1995:<b><\/b><i>\u00bfQu\u00e9 hacen las ni\u00f1as?<\/i>, Nikolaus Heidelbach<\/span><span lang=\"ES\"><\/span><\/li>\n<li><span lang=\"ES\"> <\/span><span lang=\"ES-TRAD\">2000:\u00a0<i>\u00bfQu\u00e9 hacen los ni\u00f1os?<\/i>, Nikolaus Heidelbach<\/span><span lang=\"ES\"><\/span><\/li>\n<li><span lang=\"ES\"> <\/span><span lang=\"ES-TRAD\">2015:<i>Linterna m\u00e1gica<\/i>, Lizi Boyd<\/span><\/li>\n<\/ul>\n<p><b><span lang=\"ES-TRAD\">Premi Bologna Ragazzi a la Millor Obra de No-Ficci\u00f3<\/span><\/b><span lang=\"ES\"><\/span><\/p>\n<ul>\n<li><span lang=\"ES\"> <\/span><span lang=\"ES\">2010:\u00a0<i>\u00bfQu\u00e9 ser\u00e1 de ti?,<\/i><\/span><span lang=\"ES-TRAD\">Aleksandra\u00a0<\/span><span lang=\"ES\">Mizieli\u0144ska, il\u00b7lustrat per Daniel Mizieli\u0144ski<\/span><\/li>\n<li><span lang=\"ES\"> <\/span><span lang=\"ES-TRAD\">2015:<i>Antes y Despu\u00e9s<\/i>, Anne Margot Ramstein, il\u00b7lustrat per Matthias Aregui<\/span><\/li>\n<\/ul>\n<p><b><span lang=\"ES-TRAD\">Premi Bologna Ragazzi Nous Horitzons<\/span><\/b><span lang=\"ES\"><\/span><\/p>\n<ul>\n<li><span lang=\"ES\"> <\/span><span lang=\"ES-TRAD\">2007:\u00a0<i>El llibre negre dels colors,\u00a0<\/i>Menena Cottin, il\u00b7lustrat per Rosana Far\u00eda<\/span><span lang=\"ES\"><\/span><\/li>\n<li><span lang=\"ES\"> <\/span><span lang=\"ES-TRAD\">2015:\u00a0<i>Mil orelles,\u00a0<\/i>Pilar Guti\u00e9rrez Llano, il\u00b7lustrat per Samuel Casta\u00f1o<\/span><\/li>\n<\/ul>\n<p><b><span lang=\"ES-TRAD\">Premi Bologna Ragazzi Poesia Menci\u00f3 d\u2019Honor<\/span><\/b><span lang=\"ES\"><\/span><\/p>\n<ul>\n<li><span lang=\"ES\"> <\/span><span lang=\"ES-TRAD\">2008:\u00a0<i>Santiago,\u00a0<\/i>Federico Garc\u00eda Lorca, il\u00b7lustrat per Javier Zabala<\/span><\/li>\n<\/ul>\n<p><b><span lang=\"ES-TRAD\">Premi Pincell d\u2019Or de l\u2019Acad\u00e8mia de Belles Arts d\u2019Holanda<\/span><\/b><span lang=\"ES\"><\/span><\/p>\n<ul>\n<li><span lang=\"ES\"> <\/span><span lang=\"ES-TRAD\">1976:\u00a0<i>El drac vermell<\/i>, Max Velthujis<\/span><\/li>\n<\/ul>\n<p><b><span lang=\"ES-TRAD\">Premi Palleta d\u2019Or. Sal\u00f3 del Llibre de Montreuil<\/span><\/b><span lang=\"ES\"><\/span><\/p>\n<ul>\n<li><span lang=\"ES\"> <\/span><span lang=\"ES-TRAD\">2013:\u00a0<i>Romance<\/i>, Blexbolex<\/span><span lang=\"ES\"><\/span><\/li>\n<li><span lang=\"ES\"> <\/span><span lang=\"ES-TRAD\">2017:\u00a0<i>Vacaciones<\/i>, Blexbolex<\/span><span lang=\"ES\"><\/span><\/li>\n<\/ul>\n<p><b><span lang=\"ES-TRAD\">Els Millors Llibres infantils. Banc del Llibre de Vene\u00e7uela<\/span><\/b><span lang=\"ES\"><\/span><\/p>\n<ul>\n<li><span lang=\"ES\"> <\/span><span lang=\"ES-TRAD\">2010:\u00a0<i>Discurs de l\u2019\u00f3s,\u00a0<\/i>Julio Cort\u00e1zar, il\u00b7lustrat per Emilio Urberuaga<\/span><span lang=\"ES\"><\/span><\/li>\n<li><span lang=\"ES\"> <\/span><span lang=\"ES-TRAD\">2016:<i>La Bella y la Bestia,\u00a0<\/i>Jean-Marie Leprince de Beaumont, il\u00b7lustrat per Nicole Claveloux<\/span><b><span lang=\"ES-TRAD\">\u00a0<\/span><\/b><\/li>\n<\/ul>\n<p><b><span lang=\"ES-TRAD\">Premi Edici\u00f3 Original. Banc del Llibre de Vene\u00e7uela<\/span><\/b><span lang=\"ES\"><\/span><\/p>\n<ul>\n<li><span lang=\"ES\"> <\/span><span lang=\"ES-TRAD\">2012:\u00a0<i>Los sue\u00f1os de Helena,<\/i>Eduardo Galeano, il\u00b7lustrat per Isidro Ferrer<\/span><\/li>\n<\/ul>\n<p><b><span lang=\"ES-TRAD\">Els Millors Llibres Juvenils. Banc del Llibre de Vene\u00e7uela<\/span><\/b><span lang=\"ES\"><\/span><\/p>\n<ul>\n<li><span lang=\"ES\"> <\/span><span lang=\"ES-TRAD\">2010:\u00a0<i>Discurs de l\u2019\u00f3s,\u00a0<\/i>Julio Cort\u00e1zar, il\u00b7lustrat per Emilio Urberuaga<\/span><span lang=\"ES\"><\/span><\/li>\n<li><span lang=\"ES\"> <\/span><span lang=\"ES-TRAD\">2012:\u00a0<i>Rebeli\u00f3n en la granja,\u00a0<\/i>Geroge Orwell, il\u00b7lustrat per Ralph Steadman\u00a0 <\/span><b><span lang=\"ES-TRAD\">\u00a0<\/span><\/b><\/li>\n<\/ul>\n<p><b><span lang=\"ES-TRAD\">Menci\u00f3 Encert Editorial. Banc del Llibre de Vene\u00e7uela<\/span><\/b><span lang=\"ES\"><\/span><\/p>\n<ul>\n<li><span lang=\"ES\"> <\/span><span lang=\"ES-TRAD\">2015:\u00a0<i>El libro de las camas<\/i>, Sylvia Plath, il\u00b7lustrat per Quentin Blake<\/span><span lang=\"ES\"><\/span><\/li>\n<li><span lang=\"ES\"> <\/span><span lang=\"ES-TRAD\">2016:\u00a0<i>Bestiari,<\/i>Adrienne Barman<\/span><\/li>\n<\/ul>\n<p><b><span lang=\"ES-TRAD\">Menci\u00f3 Llibre Entranyable. Banc del Llibre de Vene\u00e7uela<\/span><\/b><span lang=\"ES\"><\/span><\/p>\n<ul>\n<li><span lang=\"ES\"> <\/span><span lang=\"ES-TRAD\">2010:\u00a0<i>Lladre de gallines,\u00a0<\/i>B\u00e9atrice Rodriguez<\/span><span lang=\"ES\"><\/span><\/li>\n<li><span lang=\"ES\"> <\/span><span lang=\"ES-TRAD\">2013:\u00a0<i>Marcovaldo<\/i>, Italo Calvino y Alessandro Sanna<\/span><span lang=\"ES\"><\/span><\/li>\n<li><span lang=\"ES\"> <\/span><span lang=\"ES-TRAD\">2015:\u00a0<i>Amigos<\/i>, Andrea Hensgen, il\u00b7lustrat per B\u00e9atrice Rodriguez<\/span><\/li>\n<\/ul>\n<p><b><span lang=\"ES-TRAD\">Menci\u00f3 Llibre Informatiu. Banc del Llibre de Vene\u00e7uela<\/span><\/b><span lang=\"ES\"><\/span><\/p>\n<ul>\n<li><span lang=\"ES\"> <\/span><span lang=\"ES-TRAD\">2012:\u00a0<i>\u00bfQui\u00e9n come a qui\u00e9n?<\/i>, Aleksandra\u00a0<\/span><span lang=\"ES\">Mizieli\u0144ska, il\u00b7lustrat per Daniel Mizieli\u0144ski <\/span><b><span lang=\"ES-TRAD\">\u00a0<\/span><\/b><\/li>\n<\/ul>\n<p><b><span lang=\"ES-TRAD\">Menci\u00f3 Proposta Editorial. Banc del Llibre de Vene\u00e7uela<\/span><\/b><span lang=\"ES\"><\/span><\/p>\n<ul>\n<li><span lang=\"ES\"> <\/span><span lang=\"ES-TRAD\">2016:\u00a0<i>Los diarios de Ad\u00e1n y Eva<\/i>, Mark Twain, il\u00b7lustrat per Francisco Mel\u00e9ndez<\/span><\/li>\n<\/ul>\n<p><b><span lang=\"ES-TRAD\">Els Millors Llibres. Banc del Llibre de Vene\u00e7uela<\/span><\/b><span lang=\"ES\"><\/span><\/p>\n<ul>\n<li><span lang=\"ES\"> <\/span><span lang=\"ES-TRAD\">2012:\u00a0<i>99 f\u00e1bulas fant\u00e1sticas<\/i>, Ambrose Bierce, il\u00b7lustrat per Carlos Nine<\/span><\/li>\n<\/ul>\n<p><b><span lang=\"ES-TRAD\">Menci\u00f3 Rescat Editorial. Banc del Llibro de Venezuela<\/span><\/b><span lang=\"ES\"><\/span><\/p>\n<ul>\n<li><span lang=\"EN-US\"> <\/span><span lang=\"EN-US\">2011:\u00a0<i>Salom\u00e9<\/i>, Oscar Wilde, il\u00b7lustrat per Aubrey Beardsley<\/span><\/li>\n<li><span lang=\"ES\"> <\/span><span lang=\"ES\">2014:\u00a0<i>El se\u00f1or de las moscas<\/i>, William Golding, il\u00b7lustrat per Jorge Gonz\u00e1lez <\/span><b><span lang=\"ES-TRAD\">\u00a0<\/span><\/b><\/li>\n<\/ul>\n<p><b><span lang=\"ES-TRAD\">The White Ravens<\/span><\/b><span lang=\"ES\"><\/span><\/p>\n<ul>\n<li><span lang=\"ES\"> <\/span><span lang=\"ES-TRAD\">2008:\u00a0<i>El viaje de Kuno,\u00a0<\/i>Klaus Merz, <\/span><span lang=\"ES\">il\u00b7lustrat per <\/span><span lang=\"ES-TRAD\">Hannes Binder<\/span><span lang=\"ES\"><\/span><\/li>\n<li><span lang=\"ES\"> <\/span><span lang=\"ES-TRAD\">2009:<b><\/b><i>Discurs de l\u2019\u00f3s,\u00a0<\/i>Julio Cort\u00e1zar, <\/span><span lang=\"ES\">il\u00b7lustrat per <\/span><span lang=\"ES-TRAD\">Emilio Urberuaga<\/span><span lang=\"ES\"><\/span><\/li>\n<li><span lang=\"ES\"> <\/span><span lang=\"ES-TRAD\">2010:\u00a0<i>La curiosa historia del se\u00f1or p\u00e1jaro<\/i>, Piret Raud<\/span><span lang=\"ES\"><\/span><\/li>\n<li><span lang=\"ES\"> <\/span><span lang=\"ES-TRAD\">2011:\u00a0<i>Malena Balena<\/i>, Davide Cali, <\/span><span lang=\"ES\">il\u00b7lustrat per <\/span><span lang=\"ES-TRAD\">Sonja Bougaeva<\/span><span lang=\"ES\"><\/span><\/li>\n<li><span lang=\"ES\"> <\/span><span lang=\"ES-TRAD\">2011:\u00a0<i>El pastor, las ovejas, el lobo y el mar,\u00a0<\/i>Einar Turkowski<\/span><span lang=\"ES\"><\/span><\/li>\n<li><span lang=\"ES\"> <\/span><span lang=\"ES-TRAD\">2011:\u00a0<i>Tom y el p\u00e1jaro,\u00a0<\/i>Patrick Lenz<\/span><span lang=\"ES\"><\/span><\/li>\n<\/ul>\n<p><b><span lang=\"EN-US\">\u00a0<\/span><\/b><b><span lang=\"EN-US\">Premi ALA Notable Children\u2019s Book<\/span><\/b><span lang=\"EN-US\"><\/span><\/p>\n<ul>\n<li><span lang=\"ES\"> <\/span><span lang=\"ES-TRAD\">2004:\u00a0<i>El libro rojo,\u00a0<\/i>Barbara Lehman<\/span><span lang=\"ES\"><\/span><\/li>\n<li><span lang=\"ES\"> <\/span><span lang=\"ES-TRAD\">2015:\u00a0<i>Linterna m\u00e1gica<\/i>, Lizi Boyd<\/span><span lang=\"ES\"><\/span><\/li>\n<\/ul>\n<p><b><span lang=\"ES-TRAD\">\u00a0<\/span><\/b><b><span lang=\"ES-TRAD\">Junior Library Guild Selection<\/span><\/b><span lang=\"ES\"><\/span><\/p>\n<ul>\n<li><span lang=\"ES\"> <\/span><span lang=\"ES-TRAD\">2004:<i>El libro rojo,\u00a0<\/i>Barbara Lehman<\/span><span lang=\"ES\"><\/span><\/li>\n<\/ul>\n<p><b><span lang=\"EN-US\">\u00a0<\/span><\/b><b><span lang=\"EN-US\">Children\u2019s Picture Books.\u00a0New York Rights Fair<\/span><\/b><span lang=\"EN-US\"><\/span><\/p>\n<ul>\n<li><span lang=\"ES\"> <\/span><span lang=\"ES-TRAD\">2017:\u00a0<i>Vacaciones,\u00a0<\/i>Blexbolex<\/span><span lang=\"ES\"><\/span><\/li>\n<\/ul>\n<p><b><span lang=\"EN-US\">\u00a0<\/span><\/b><b><span lang=\"EN-US\">The New York Times, Best Illustrated Children\u2019s Books<\/span><\/b><span lang=\"EN-US\"><\/span><\/p>\n<ul>\n<li><span lang=\"EN-US\"> <\/span><span lang=\"EN-US\">2012:\u00a0<i>Els ocells,\u00a0<\/i>Germano Zullo, il\u00b7lustrat per Albertine<\/span><\/li>\n<li><span lang=\"ES\"> <\/span><span lang=\"ES-TRAD\">2013:\u00a0<i>Romance<\/i>, Blexbolex<\/span><span lang=\"ES\"><\/span><\/li>\n<li><span lang=\"ES\"> <\/span><span lang=\"ES-TRAD\">2015:<b><\/b><i>Un cam\u00ed de flors,\u00a0<\/i>Jon Arno Lawson, il\u00b7lustrat per Sydney Smith<\/span><\/li>\n<\/ul>\n<p><b><span lang=\"ES-TRAD\">Premi Sorci\u00e8res al Millor \u00c0lbum. Isabelle Torrubia Agencia Literaria<\/span><\/b><span lang=\"ES\"><\/span><\/p>\n<ul>\n<li><span lang=\"EN-US\"> <\/span><span lang=\"EN-US\">2011:\u00a0<i>Els ocells,\u00a0<\/i>Germano Zullo, il\u00b7lustrat per Albertine<\/span><\/li>\n<li><span lang=\"ES\"> <\/span><span lang=\"ES-TRAD\">2013:<b><\/b><i>\u00bfDos ojos?<\/i>, Lucie F\u00e9lix<\/span><span lang=\"ES\"><\/span><\/li>\n<\/ul>\n<p><b><span lang=\"ES-TRAD\">\u00a0<\/span><\/b><b><span lang=\"ES-TRAD\">Premi al Millor Primer \u00c0lbum de l\u2019Associaci\u00f3 de Llibreries Especialitzades en LIJ de Fran\u00e7a<\/span><\/b><\/p>\n<ul>\n<li><span lang=\"ES\"> <\/span><span lang=\"ES-TRAD\">2013:\u00a0<i>\u00bfDos ojos?<\/i>, Lucie F\u00e9lix<\/span><span lang=\"ES\"><\/span><\/li>\n<\/ul>\n<p><b><span lang=\"ES-TRAD\">\u00a0<\/span><\/b><b><span lang=\"ES-TRAD\">Premi Pitchou,<\/span><\/b><span lang=\"ES-TRAD\">\u00a0<b>atorgat al festival del Llibre Infantil <\/b><\/span><b><span lang=\"ES-TRAD\">de Saint-Paul-Trois-Ch\u00e2teaux<\/span><\/b><span lang=\"ES\"><\/span><\/p>\n<ul>\n<li><span lang=\"ES\"> <\/span><span lang=\"ES-TRAD\">2013:\u00a0<i>\u00bfDos ojos?<\/i>, Lucie F\u00e9lix<b><\/b><\/span><span lang=\"ES\"><\/span><\/li>\n<\/ul>\n<p><b><span lang=\"ES-TRAD\">\u00a0<\/span><\/b><b><span lang=\"ES-TRAD\">Premi Festival del Llibre Il\u00b7lustrat CJ \/ Corea<\/span><\/b><span lang=\"ES\"><\/span><\/p>\n<ul>\n<li><span lang=\"ES\"> <\/span><span lang=\"ES-TRAD\">2010:\u00a0<i>Oda a una estrella,\u00a0<\/i>Pablo Neruda, il\u00b7lustrat per Elena Odriozola<\/span><span lang=\"ES\"><\/span><\/li>\n<\/ul>\n<p><b><span lang=\"ES-TRAD\">\u00a0<\/span><\/b><b><span lang=\"ES-TRAD\">Finalista Festival del Llibre Il\u00b7lustrat CJ \/ Corea<\/span><\/b><span lang=\"ES\"><\/span><\/p>\n<ul>\n<li><span lang=\"ES\"> <\/span><span lang=\"ES-TRAD\">2007:\u00a0<i>Dr\u00e1cula,<\/i>Luis Scafati<\/span><span lang=\"ES\"><\/span><\/li>\n<\/ul>\n<p><b><span lang=\"ES-TRAD\">\u00a0<\/span><\/b><b><span lang=\"ES-TRAD\">Finalista Festival del Llibre Il\u00b7lustrat CJ\/ Corea<\/span><\/b><span lang=\"ES\"><\/span><\/p>\n<ul>\n<li><span lang=\"ES\"> <\/span><span lang=\"ES-TRAD\">2011:\u00a0<i>La duda,\u00a0<\/i>Pia Valentinis<\/span><span lang=\"ES\"><\/span><\/li>\n<\/ul>\n<p><b><span lang=\"ES-TRAD\">\u00a0<\/span><\/b><b><span lang=\"ES-TRAD\">Medalla Caldecott Honor Book<\/span><\/b><span lang=\"ES\"><\/span><\/p>\n<ul>\n<li><span lang=\"ES\"> <\/span><span lang=\"ES-TRAD\">2004:\u00a0<i>El libro rojo,\u00a0<\/i>Barbara Lehman<\/span><span lang=\"ES\"><\/span><\/li>\n<\/ul>\n<p><b><span lang=\"ES-TRAD\">\u00a0<\/span><\/b><b><span lang=\"ES-TRAD\">Medalla d\u2019honor John Newbery<\/span><\/b><span lang=\"ES\"><\/span><\/p>\n<ul>\n<li><span lang=\"ES\"> <\/span><span lang=\"ES-TRAD\">1929:\u00a0<i>Millones de gatos,\u00a0<\/i>Wanda G\u00e1g<\/span><span lang=\"ES\"><\/span><\/li>\n<\/ul>\n<p><span lang=\"ES-TRAD\">\u00a0<\/span><b><i><span lang=\"ES-TRAD\">The Guardian<\/span><\/i><\/b><b><span lang=\"ES-TRAD\">, Best Books<\/span><\/b><span lang=\"ES\"><\/span><\/p>\n<ul>\n<li><span lang=\"ES\"> <\/span><span lang=\"ES-TRAD\">2014:\u00a0<i>El r\u00edo,\u00a0<\/i>Alessandro Sanna<\/span><span lang=\"ES\"><\/span><\/li>\n<\/ul>\n<h5><b><span lang=\"ES-TRAD\"><br \/>\n<span style=\"color: #ff0000;\">Premis als autors<\/span><br \/>\n<span style=\"color: #ff0000;\">\u2013<\/span><\/span><\/b><b><span lang=\"ES\"><\/span><\/b><\/h5>\n<h5><b><u><span lang=\"ES-TRAD\">Premis a l\u2019escriptor<\/span><\/u><\/b><b><span lang=\"ES\"><\/span><\/b><\/h5>\n<p><b><span lang=\"ES-TRAD\">Premi Miguel de Cervantes<\/span><\/b><span lang=\"ES\"><\/span><\/p>\n<ul>\n<li><span lang=\"ES\"> <\/span><span lang=\"ES-TRAD\">1984: Ernesto Sabato<i>. Informe sobre ciegos<\/i>, il\u00b7lustrat per Luis Scafati<\/span><span lang=\"ES\"><\/span><\/li>\n<li><span lang=\"ES\"> <\/span><span lang=\"ES-TRAD\">2007: Juan Gelman.<i>Bajo la lluvia ajena<\/i>, il\u00b7lustrat per Carlos Alonso<\/span><span lang=\"ES\"><\/span><\/li>\n<\/ul>\n<p><b><span lang=\"ES-TRAD\">\u00a0<\/span><\/b><b><span lang=\"ES-TRAD\">Premi Hans Christian Andersen<\/span><\/b><span lang=\"ES\"><\/span><\/p>\n<ul>\n<li><span lang=\"EN-US\"> <\/span><span lang=\"EN-US\">1970: Gianni Rodari.\u00a0<i>Tonino l\u2019invisible<\/i>, il\u00b7lustrat per Alessandro Sanna<\/span><\/li>\n<li><span lang=\"ES\"> <\/span><span lang=\"ES-TRAD\">2008: J\u00fcrg Schubiger.\u00a0<i>Y esto, \u00bfqu\u00e9 es?<\/i>, il\u00b7lustrat per Wolf Erlbruch<\/span><span lang=\"ES\"><\/span><\/li>\n<\/ul>\n<h5><b><u><span lang=\"ES-TRAD\">Premis a l\u2019il\u00b7lustrador<\/span><\/u><\/b><b><span lang=\"ES\"><\/span><\/b><\/h5>\n<p><b><span lang=\"ES-TRAD\">Gran Premi de la Ciutat d\u2019Angoul\u00eame<\/span><\/b><span lang=\"ES\"><\/span><\/p>\n<ul>\n<li><span lang=\"ES\"> <\/span><span lang=\"ES-TRAD\">2007: Jos\u00e9 Mu\u00f1oz.<i>El perseguidor<\/i>, Julio Cort\u00e1zar<\/span><\/li>\n<\/ul>\n<p><b><span lang=\"ES-TRAD\">Premi Junceda Ib\u00e8ria d\u2019Il\u00b7lustraci\u00f3, Catalunya<\/span><\/b><span lang=\"ES\"><\/span><\/p>\n<ul>\n<li><span lang=\"ES\"> <\/span><span lang=\"ES-TRAD\">2006: Isidro Ferrer.\u00a0<i>Una casa para el abuelo,\u00a0<\/i>Carlos Grassa Toro<\/span><span lang=\"ES\"><\/span><\/li>\n<li><span lang=\"ES\"> <\/span><span lang=\"ES-TRAD\">2011: Francisco Mel\u00e9ndez.<i>Los diarios de Ad\u00e1n y\u00a0Eva<\/i>, Mark Twain<\/span><span lang=\"ES\"><\/span><\/li>\n<\/ul>\n<p><b><span lang=\"ES-TRAD\">\u00a0<\/span><\/b><b><span lang=\"ES-TRAD\">Menci\u00f3 d\u2019Honor d\u2019Il\u00b7lustraci\u00f3 Visual Daniel Gil<\/span><\/b><span lang=\"ES\"><\/span><\/p>\n<ul>\n<li><span lang=\"ES\"> <\/span><span lang=\"ES-TRAD\">2008:\u00a0<i>Dr\u00e0cula,<\/i>Luis Scafati<\/span><b><span lang=\"ES-TRAD\">\u00a0<\/span><\/b><\/li>\n<\/ul>\n<p><b><span lang=\"ES-TRAD\">Premi Visual Daniel Gil<\/span><\/b><span lang=\"ES\"><\/span><\/p>\n<ul>\n<li><span lang=\"ES\"> <\/span><span lang=\"ES-TRAD\">2003:\u00a0<i>Una casa para el abuelo,\u00a0<\/i>Carlos Grassa Toro, il\u00b7lustrat per Isidro Ferrer<\/span><span lang=\"ES\"><\/span><\/li>\n<li><span lang=\"ES\"> <\/span><span lang=\"ES-TRAD\">2008:<i>Era fosc i sospitosament tranquil,\u00a0<\/i>Einar Turkowski<\/span><\/li>\n<\/ul>\n<p><b><span lang=\"ES-TRAD\">Premi Hans Christian Andersen<\/span><\/b><span lang=\"ES\"><\/span><\/p>\n<ul>\n<li><span lang=\"ES\"> <\/span><span lang=\"ES-TRAD\">2006: Wolf Erlbruch.\u00a0<i>Y esto, \u00bfqu\u00e9 es?; La gran pregunta; El milagro del oso; La se\u00f1ora Meier y el mirlo; El ropito que quer\u00eda saber qui\u00e9n se hab\u00eda hecho aquello en su cabeza<\/i><\/span><\/li>\n<\/ul>\n<p><b><span lang=\"EN-US\">Finalista Premi Hans Christian Andersen (It\u00e0lia)<\/span><\/b><span lang=\"EN-US\"><\/span><\/p>\n<ul>\n<li><span lang=\"ES\"> <\/span><span lang=\"ES-TRAD\">2004:\u00a0<i>El libro rojo<\/i>, Barbara Lehman<\/span><span lang=\"ES\"><\/span><\/li>\n<li><span lang=\"ES\"> <\/span><span lang=\"ES-TRAD\">2011: Pia Valentinis,\u00a0<i>La duda<\/i><\/span><span lang=\"ES\"><\/span><\/li>\n<li><span lang=\"ES\"> <\/span><span lang=\"ES-TRAD\">2016: Alessandro Sana.\u00a0<i>El r\u00edo; Pinocho, antes de Pinocho; Marcovaldo<br \/>\n<\/i><\/span><\/li>\n<\/ul>\n<h6><b><u><span lang=\"ES-TRAD\">Autors amb Premis Nacionale d\u2019Il\u00b7lustraci\u00f3, Ministeri d\u2019Educaci\u00f3 i Cultura d\u2019Espanya<\/span><\/u><\/b><b><span lang=\"ES-TRAD\">:<\/span><\/b><b><span lang=\"ES\"><\/span><\/b><\/h6>\n<p>&nbsp;<\/p>\n<p><span lang=\"ES-TRAD\">Isidro Ferrer, Javier Zabala, Emilio Urberuaga, Elena Odriozola, Arnal Ballester<\/span><span lang=\"ES\"><\/span>[\/vc_column_text][\/vc_column][\/vc_row]<\/p>\n","protected":false},"excerpt":{"rendered":"[vc_row][vc_column][\/vc_column][\/vc_row][vc_row][vc_column][vc_column_text][\/vc_column_text][\/vc_column][\/vc_row][vc_row][vc_column][vc_column_text]Premi Nacional a la Millor Tasca Editorial, 2011,\u00a0Ministeri de Cultura d\u2019Espa\u00f1a Premi a la Millor Editorial d\u2019Europa, 2015,\u00a0Fira del Llibre de Bolonya[\/vc_column_text][\/vc_column][\/vc_row][vc_row][vc_column][vc_column_text] A les obres \u2013 Nacionals Premi Llibreter 2015: Salvatge,\u00a0Emily Hughes\u00a0 Premi Nacional d\u2019Il\u00b7lustraci\u00f3. Ministeri d\u2019Educaci\u00f3 i Cultura d\u2019Espanya 2006:\u00a0Una casa para el abuelo,\u00a0Carlos Grassa Toro, il\u00b7lustrat per Isidro Ferrer Primer Premi Llibre Kirico [&hellip;]","protected":false},"author":3,"featured_media":0,"parent":0,"menu_order":0,"comment_status":"closed","ping_status":"closed","template":"templates\/template-historia.php","meta":{"_acf_changed":false,"footnotes":""},"class_list":["post-6598","page","type-page","status-publish","hentry"],"acf":[],"yoast_head":"<!-- This site is optimized with the Yoast SEO plugin v25.1 - https:\/\/yoast.com\/wordpress\/plugins\/seo\/ -->\n<title>Reconeixements - Libros del Zorro Rojo<\/title>\n<meta name=\"robots\" content=\"index, follow, max-snippet:-1, max-image-preview:large, max-video-preview:-1\" \/>\n<link rel=\"canonical\" href=\"https:\/\/librosdelzorrorojo.com\/ca\/reconeixements\/\" \/>\n<meta property=\"og:locale\" content=\"ca_ES\" \/>\n<meta property=\"og:type\" content=\"article\" \/>\n<meta property=\"og:title\" content=\"Reconeixements - Libros del Zorro Rojo\" \/>\n<meta property=\"og:description\" content=\"[vc_row][vc_column][\/vc_column][\/vc_row][vc_row][vc_column][vc_column_text][\/vc_column_text][\/vc_column][\/vc_row][vc_row][vc_column][vc_column_text]Premi Nacional a la Millor Tasca Editorial, 2011,\u00a0Ministeri de Cultura d\u2019Espa\u00f1a Premi a la Millor Editorial d\u2019Europa, 2015,\u00a0Fira del Llibre de Bolonya[\/vc_column_text][\/vc_column][\/vc_row][vc_row][vc_column][vc_column_text] A les obres \u2013 Nacionals Premi Llibreter 2015: Salvatge,\u00a0Emily Hughes\u00a0 Premi Nacional d\u2019Il\u00b7lustraci\u00f3. Ministeri d\u2019Educaci\u00f3 i Cultura d\u2019Espanya 2006:\u00a0Una casa para el abuelo,\u00a0Carlos Grassa Toro, il\u00b7lustrat per Isidro Ferrer Primer Premi Llibre Kirico [&hellip;]\" \/>\n<meta property=\"og:url\" content=\"https:\/\/librosdelzorrorojo.com\/ca\/reconeixements\/\" \/>\n<meta property=\"og:site_name\" content=\"Libros del Zorro Rojo\" \/>\n<meta property=\"article:modified_time\" content=\"2022-06-08T15:25:38+00:00\" \/>\n<meta property=\"og:image\" content=\"https:\/\/librosdelzorrorojo.com\/wp-content\/uploads\/2019\/11\/Reconocimientos.png\" \/>\n<meta name=\"twitter:card\" content=\"summary_large_image\" \/>\n<meta name=\"twitter:label1\" content=\"Temps estimat de lectura\" \/>\n\t<meta name=\"twitter:data1\" content=\"5 minuts\" \/>\n<script type=\"application\/ld+json\" class=\"yoast-schema-graph\">{\"@context\":\"https:\/\/schema.org\",\"@graph\":[{\"@type\":\"WebPage\",\"@id\":\"https:\/\/librosdelzorrorojo.com\/ca\/reconeixements\/\",\"url\":\"https:\/\/librosdelzorrorojo.com\/ca\/reconeixements\/\",\"name\":\"Reconeixements - Libros del Zorro Rojo\",\"isPartOf\":{\"@id\":\"https:\/\/librosdelzorrorojo.com\/#website\"},\"primaryImageOfPage\":{\"@id\":\"https:\/\/librosdelzorrorojo.com\/ca\/reconeixements\/#primaryimage\"},\"image\":{\"@id\":\"https:\/\/librosdelzorrorojo.com\/ca\/reconeixements\/#primaryimage\"},\"thumbnailUrl\":\"https:\/\/librosdelzorrorojo.com\/wp-content\/uploads\/2019\/11\/Reconocimientos.png\",\"datePublished\":\"2017-11-15T15:54:26+00:00\",\"dateModified\":\"2022-06-08T15:25:38+00:00\",\"breadcrumb\":{\"@id\":\"https:\/\/librosdelzorrorojo.com\/ca\/reconeixements\/#breadcrumb\"},\"inLanguage\":\"ca\",\"potentialAction\":[{\"@type\":\"ReadAction\",\"target\":[\"https:\/\/librosdelzorrorojo.com\/ca\/reconeixements\/\"]}]},{\"@type\":\"ImageObject\",\"inLanguage\":\"ca\",\"@id\":\"https:\/\/librosdelzorrorojo.com\/ca\/reconeixements\/#primaryimage\",\"url\":\"https:\/\/librosdelzorrorojo.com\/wp-content\/uploads\/2019\/11\/Reconocimientos.png\",\"contentUrl\":\"https:\/\/librosdelzorrorojo.com\/wp-content\/uploads\/2019\/11\/Reconocimientos.png\"},{\"@type\":\"BreadcrumbList\",\"@id\":\"https:\/\/librosdelzorrorojo.com\/ca\/reconeixements\/#breadcrumb\",\"itemListElement\":[{\"@type\":\"ListItem\",\"position\":1,\"name\":\"Portada\",\"item\":\"https:\/\/librosdelzorrorojo.com\/ca\/\"},{\"@type\":\"ListItem\",\"position\":2,\"name\":\"Reconeixements\"}]},{\"@type\":\"WebSite\",\"@id\":\"https:\/\/librosdelzorrorojo.com\/#website\",\"url\":\"https:\/\/librosdelzorrorojo.com\/\",\"name\":\"Libros del Zorro Rojo\",\"description\":\"Libros ilustrados\",\"potentialAction\":[{\"@type\":\"SearchAction\",\"target\":{\"@type\":\"EntryPoint\",\"urlTemplate\":\"https:\/\/librosdelzorrorojo.com\/?s={search_term_string}\"},\"query-input\":{\"@type\":\"PropertyValueSpecification\",\"valueRequired\":true,\"valueName\":\"search_term_string\"}}],\"inLanguage\":\"ca\"}]}<\/script>\n<!-- \/ Yoast SEO plugin. -->","yoast_head_json":{"title":"Reconeixements - Libros del Zorro Rojo","robots":{"index":"index","follow":"follow","max-snippet":"max-snippet:-1","max-image-preview":"max-image-preview:large","max-video-preview":"max-video-preview:-1"},"canonical":"https:\/\/librosdelzorrorojo.com\/ca\/reconeixements\/","og_locale":"ca_ES","og_type":"article","og_title":"Reconeixements - Libros del Zorro Rojo","og_description":"[vc_row][vc_column][\/vc_column][\/vc_row][vc_row][vc_column][vc_column_text][\/vc_column_text][\/vc_column][\/vc_row][vc_row][vc_column][vc_column_text]Premi Nacional a la Millor Tasca Editorial, 2011,\u00a0Ministeri de Cultura d\u2019Espa\u00f1a Premi a la Millor Editorial d\u2019Europa, 2015,\u00a0Fira del Llibre de Bolonya[\/vc_column_text][\/vc_column][\/vc_row][vc_row][vc_column][vc_column_text] A les obres \u2013 Nacionals Premi Llibreter 2015: Salvatge,\u00a0Emily Hughes\u00a0 Premi Nacional d\u2019Il\u00b7lustraci\u00f3. Ministeri d\u2019Educaci\u00f3 i Cultura d\u2019Espanya 2006:\u00a0Una casa para el abuelo,\u00a0Carlos Grassa Toro, il\u00b7lustrat per Isidro Ferrer Primer Premi Llibre Kirico [&hellip;]","og_url":"https:\/\/librosdelzorrorojo.com\/ca\/reconeixements\/","og_site_name":"Libros del Zorro Rojo","article_modified_time":"2022-06-08T15:25:38+00:00","og_image":[{"url":"https:\/\/librosdelzorrorojo.com\/wp-content\/uploads\/2019\/11\/Reconocimientos.png","type":"","width":"","height":""}],"twitter_card":"summary_large_image","twitter_misc":{"Temps estimat de lectura":"5 minuts"},"schema":{"@context":"https:\/\/schema.org","@graph":[{"@type":"WebPage","@id":"https:\/\/librosdelzorrorojo.com\/ca\/reconeixements\/","url":"https:\/\/librosdelzorrorojo.com\/ca\/reconeixements\/","name":"Reconeixements - Libros del Zorro Rojo","isPartOf":{"@id":"https:\/\/librosdelzorrorojo.com\/#website"},"primaryImageOfPage":{"@id":"https:\/\/librosdelzorrorojo.com\/ca\/reconeixements\/#primaryimage"},"image":{"@id":"https:\/\/librosdelzorrorojo.com\/ca\/reconeixements\/#primaryimage"},"thumbnailUrl":"https:\/\/librosdelzorrorojo.com\/wp-content\/uploads\/2019\/11\/Reconocimientos.png","datePublished":"2017-11-15T15:54:26+00:00","dateModified":"2022-06-08T15:25:38+00:00","breadcrumb":{"@id":"https:\/\/librosdelzorrorojo.com\/ca\/reconeixements\/#breadcrumb"},"inLanguage":"ca","potentialAction":[{"@type":"ReadAction","target":["https:\/\/librosdelzorrorojo.com\/ca\/reconeixements\/"]}]},{"@type":"ImageObject","inLanguage":"ca","@id":"https:\/\/librosdelzorrorojo.com\/ca\/reconeixements\/#primaryimage","url":"https:\/\/librosdelzorrorojo.com\/wp-content\/uploads\/2019\/11\/Reconocimientos.png","contentUrl":"https:\/\/librosdelzorrorojo.com\/wp-content\/uploads\/2019\/11\/Reconocimientos.png"},{"@type":"BreadcrumbList","@id":"https:\/\/librosdelzorrorojo.com\/ca\/reconeixements\/#breadcrumb","itemListElement":[{"@type":"ListItem","position":1,"name":"Portada","item":"https:\/\/librosdelzorrorojo.com\/ca\/"},{"@type":"ListItem","position":2,"name":"Reconeixements"}]},{"@type":"WebSite","@id":"https:\/\/librosdelzorrorojo.com\/#website","url":"https:\/\/librosdelzorrorojo.com\/","name":"Libros del Zorro Rojo","description":"Libros ilustrados","potentialAction":[{"@type":"SearchAction","target":{"@type":"EntryPoint","urlTemplate":"https:\/\/librosdelzorrorojo.com\/?s={search_term_string}"},"query-input":{"@type":"PropertyValueSpecification","valueRequired":true,"valueName":"search_term_string"}}],"inLanguage":"ca"}]}},"_links":{"self":[{"href":"https:\/\/librosdelzorrorojo.com\/ca\/wp-json\/wp\/v2\/pages\/6598","targetHints":{"allow":["GET"]}}],"collection":[{"href":"https:\/\/librosdelzorrorojo.com\/ca\/wp-json\/wp\/v2\/pages"}],"about":[{"href":"https:\/\/librosdelzorrorojo.com\/ca\/wp-json\/wp\/v2\/types\/page"}],"author":[{"embeddable":true,"href":"https:\/\/librosdelzorrorojo.com\/ca\/wp-json\/wp\/v2\/users\/3"}],"replies":[{"embeddable":true,"href":"https:\/\/librosdelzorrorojo.com\/ca\/wp-json\/wp\/v2\/comments?post=6598"}],"version-history":[{"count":12,"href":"https:\/\/librosdelzorrorojo.com\/ca\/wp-json\/wp\/v2\/pages\/6598\/revisions"}],"predecessor-version":[{"id":22787,"href":"https:\/\/librosdelzorrorojo.com\/ca\/wp-json\/wp\/v2\/pages\/6598\/revisions\/22787"}],"wp:attachment":[{"href":"https:\/\/librosdelzorrorojo.com\/ca\/wp-json\/wp\/v2\/media?parent=6598"}],"curies":[{"name":"wp","href":"https:\/\/api.w.org\/{rel}","templated":true}]}}